 {"version":"1.0","provider_name":"Universidad Cat\u00f3lica del T\u00e1chira","provider_url":"https:\/\/www.ucat.edu.ve\/web","author_name":"Secretaria General","author_url":"https:\/\/www.ucat.edu.ve\/web\/author\/secgeucat\/","title":"Abiertas preinscripciones en la UCAT - Universidad Cat\u00f3lica del T\u00e1chira","type":"rich","width":600,"height":338,"html":"<blockquote class=\"wp-embedded-content\" data-secret=\"cBvAycm1y3\"><a href=\"https:\/\/www.ucat.edu.ve\/web\/abiertas-preinscripciones-en-la-ucat\/\">Abiertas preinscripciones en la UCAT<\/a><\/blockquote><iframe sandbox=\"allow-scripts\" security=\"restricted\" src=\"https:\/\/www.ucat.edu.ve\/web\/abiertas-preinscripciones-en-la-ucat\/embed\/#?secret=cBvAycm1y3\" width=\"600\" height=\"338\" title=\"&#8220;Abiertas preinscripciones en la UCAT&#8221; &#8212; Universidad Cat\u00f3lica del T\u00e1chira\" data-secret=\"cBvAycm1y3\" frameborder=\"0\" marginwidth=\"0\" marginheight=\"0\" scrolling=\"no\" class=\"wp-embedded-content\"><\/iframe><script type=\"text\/javascript\">\n\/*! This file is auto-generated *\/\n!function(c,l){\"use strict\";var e=!1,o=!1;if(l.querySelector)if(c.addEventListener)e=!0;if(c.wp=c.wp||{},c.wp.receiveEmbedMessage);else if(c.wp.receiveEmbedMessage=function(e){var t=e.data;if(!t);else if(!(t.secret||t.message||t.value));else if(\/[^a-zA-Z0-9]\/.test(t.secret));else{for(var r,s,a,i=l.querySelectorAll('iframe[data-secret=\"'+t.secret+'\"]'),n=l.querySelectorAll('blockquote[data-secret=\"'+t.secret+'\"]'),o=0;o<n.length;o++)n[o].style.display=\"none\";for(o=0;o<i.length;o++)if(r=i[o],e.source!==r.contentWindow);else{if(r.removeAttribute(\"style\"),\"height\"===t.message){if(1e3<(s=parseInt(t.value,10)))s=1e3;else if(~~s<200)s=200;r.height=s}if(\"link\"===t.message)if(s=l.createElement(\"a\"),a=l.createElement(\"a\"),s.href=r.getAttribute(\"src\"),a.href=t.value,a.host===s.host)if(l.activeElement===r)c.top.location.href=t.value}}},e)c.addEventListener(\"message\",c.wp.receiveEmbedMessage,!1),l.addEventListener(\"DOMContentLoaded\",t,!1),c.addEventListener(\"load\",t,!1);function t(){if(o);else{o=!0;for(var e,t,r,s=-1!==navigator.appVersion.indexOf(\"MSIE 10\"),a=!!navigator.userAgent.match(\/Trident.*rv:11\\.\/),i=l.querySelectorAll(\"iframe.wp-embedded-content\"),n=0;n<i.length;n++){if(!(r=(t=i[n]).getAttribute(\"data-secret\")))r=Math.random().toString(36).substr(2,10),t.src+=\"#?secret=\"+r,t.setAttribute(\"data-secret\",r);if(s||a)(e=t.cloneNode(!0)).removeAttribute(\"security\"),t.parentNode.replaceChild(e,t);t.contentWindow.postMessage({message:\"ready\",secret:r},\"*\")}}}}(window,document);\n<\/script>\n","thumbnail_url":"https:\/\/www.ucat.edu.ve\/web\/wp-content\/uploads\/2024\/06\/Noticia-UCAT-Preinscripciones.png","thumbnail_width":1086,"thumbnail_height":671,"description":"Este lunes 3 de junio, la Universidad Cat\u00f3lica del T\u00e1chira anunci\u00f3 la apertura del proceso de preinscripciones para el a\u00f1o acad\u00e9mico 2024-2025, seg\u00fan lo comunicado por el Dr. Gerardo D\u00edaz, secretario general de la UCAT. D\u00edaz destac\u00f3 el compromiso de la instituci\u00f3n con la formaci\u00f3n de excelentes profesionales en la regi\u00f3n fronteriza, para lo cual"}