 {"version":"1.0","provider_name":"Universidad Cat\u00f3lica del T\u00e1chira","provider_url":"https:\/\/www.ucat.edu.ve\/web","author_name":"Noticias UCAT","author_url":"https:\/\/www.ucat.edu.ve\/web\/author\/noticias-ucat\/","title":"Taller herramientas para manejar el estr\u00e9s con creatividad. - Universidad Cat\u00f3lica del T\u00e1chira","type":"rich","width":600,"height":338,"html":"<blockquote class=\"wp-embedded-content\" data-secret=\"dyAc4cFvxO\"><a href=\"https:\/\/www.ucat.edu.ve\/web\/evento\/taller-herramientas-para-manejar-el-estres-con-creatividad\/\">Taller herramientas para manejar el estr\u00e9s con creatividad.<\/a><\/blockquote><iframe sandbox=\"allow-scripts\" security=\"restricted\" src=\"https:\/\/www.ucat.edu.ve\/web\/evento\/taller-herramientas-para-manejar-el-estres-con-creatividad\/embed\/#?secret=dyAc4cFvxO\" width=\"600\" height=\"338\" title=\"&#8220;Taller herramientas para manejar el estr\u00e9s con creatividad.&#8221; &#8212; Universidad Cat\u00f3lica del T\u00e1chira\" data-secret=\"dyAc4cFvxO\" frameborder=\"0\" marginwidth=\"0\" marginheight=\"0\" scrolling=\"no\" class=\"wp-embedded-content\"><\/iframe><script type=\"text\/javascript\">\n\/*! This file is auto-generated *\/\n!function(c,l){\"use strict\";var e=!1,o=!1;if(l.querySelector)if(c.addEventListener)e=!0;if(c.wp=c.wp||{},c.wp.receiveEmbedMessage);else if(c.wp.receiveEmbedMessage=function(e){var t=e.data;if(!t);else if(!(t.secret||t.message||t.value));else if(\/[^a-zA-Z0-9]\/.test(t.secret));else{for(var r,s,a,i=l.querySelectorAll('iframe[data-secret=\"'+t.secret+'\"]'),n=l.querySelectorAll('blockquote[data-secret=\"'+t.secret+'\"]'),o=0;o<n.length;o++)n[o].style.display=\"none\";for(o=0;o<i.length;o++)if(r=i[o],e.source!==r.contentWindow);else{if(r.removeAttribute(\"style\"),\"height\"===t.message){if(1e3<(s=parseInt(t.value,10)))s=1e3;else if(~~s<200)s=200;r.height=s}if(\"link\"===t.message)if(s=l.createElement(\"a\"),a=l.createElement(\"a\"),s.href=r.getAttribute(\"src\"),a.href=t.value,a.host===s.host)if(l.activeElement===r)c.top.location.href=t.value}}},e)c.addEventListener(\"message\",c.wp.receiveEmbedMessage,!1),l.addEventListener(\"DOMContentLoaded\",t,!1),c.addEventListener(\"load\",t,!1);function t(){if(o);else{o=!0;for(var e,t,r,s=-1!==navigator.appVersion.indexOf(\"MSIE 10\"),a=!!navigator.userAgent.match(\/Trident.*rv:11\\.\/),i=l.querySelectorAll(\"iframe.wp-embedded-content\"),n=0;n<i.length;n++){if(!(r=(t=i[n]).getAttribute(\"data-secret\")))r=Math.random().toString(36).substr(2,10),t.src+=\"#?secret=\"+r,t.setAttribute(\"data-secret\",r);if(s||a)(e=t.cloneNode(!0)).removeAttribute(\"security\"),t.parentNode.replaceChild(e,t);t.contentWindow.postMessage({message:\"ready\",secret:r},\"*\")}}}}(window,document);\n<\/script>\n","thumbnail_url":"https:\/\/www.ucat.edu.ve\/web\/wp-content\/uploads\/2018\/11\/NDP-\u00faltima-convocatoria-Taller-Antiestr\u00e9s.jpg","thumbnail_width":1759,"thumbnail_height":1087,"description":"El Decanato del Medio Universitario, a trav\u00e9s de la Coordinaci\u00f3n de Arte y Cultura, realiza la\u00a0\u00faltima convocatoria\u00a0para participar en el taller \u201cHerramientas para manejar el estr\u00e9s con creatividad\u201d. El pasado 26 de octubre se realiz\u00f3 la primera sesi\u00f3n de este a\u00f1o acad\u00e9mico con una participaci\u00f3n de 6 personas. El pasado 20 de noviembre se suspendi\u00f3"}