 {"id":1267,"date":"2016-12-02T11:35:59","date_gmt":"2016-12-02T11:35:59","guid":{"rendered":"http:\/\/www.ucat.edu.ve\/web\/?page_id=1267"},"modified":"2025-01-28T00:37:58","modified_gmt":"2025-01-28T00:37:58","slug":"gran-canciller","status":"publish","type":"page","link":"https:\/\/www.ucat.edu.ve\/web\/autoridades\/gran-canciller\/","title":{"rendered":"Gran Canciller"},"content":{"rendered":"<p style=\"text-align: justify\">\n<p style=\"text-align: justify\"><img loading=\"lazy\" class=\"wp-image-13845 size-full alignleft\" src=\"https:\/\/www.ucat.edu.ve\/web\/wp-content\/uploads\/2025\/01\/Foto_Mons.-Lisandro-Alirio-Rivas-Duran.png\" alt=\"\" width=\"153\" height=\"153\" \/><span style=\"font-size: revert;color: initial\">El Gran Canciller de la Universidad Cat\u00f3lica del T\u00e1chira es el Obispo de la Di\u00f3cesis de San Crist\u00f3bal, a quien corresponde en forma especial el alto patronazgo de la Universidad, de acuerdo con lo establecido en el Estatuto Org\u00e1nico. <\/span><span style=\"font-size: revert;color: initial\">Mons. Lisandro Alirio Rivas Dur\u00e1n, I.M.C., Obispo de la Di\u00f3cesis de San Crist\u00f3bal es el Gran Canciller de la Universidad Cat\u00f3lica del T\u00e1chira. Naci\u00f3 en la ciudad de Bocon\u00f3, Estado Trujillo. Realiz\u00f3 su primera profesi\u00f3n de votos religiosos, el 7 de enero de 1990, y la profesi\u00f3n solemne, el 3 de diciembre del mismo a\u00f1o, en el Instituto Misioneros de la Consolata. Es ordenado sacerdote el 19 de agosto de 1995, en la Iglesia Parroquial de Ntra. Sra. de Coromoto, en Bocon\u00f3, Estado Trujillo. <\/span><span style=\"font-size: revert;color: initial\">El 23 de diciembre de 2021, el Papa Francisco lo design\u00f3 Obispo Titular de D\u00e1rdano y Auxiliar de la Arquidi\u00f3cesis Metropolitana de Caracas y ordenado el 12 de marzo de 2022. Fue designado Obispo de la Di\u00f3cesis de San Crist\u00f3bal el 31 de octubre del a\u00f1o del Se\u00f1or de 2024.<\/span><\/p>\n<p><strong>Mons. Lisandro Alirio Rivas Dur\u00e1n, I.M.C.<\/strong><\/p>\n<p><strong>Gran Canciller<br \/>\n<\/strong><\/p>\n","protected":false},"excerpt":{"rendered":"<p>El Gran Canciller de la Universidad Cat\u00f3lica del T\u00e1chira es el Obispo de la Di\u00f3cesis de San Crist\u00f3bal, a quien corresponde en forma especial el alto patronazgo de la Universidad, de acuerdo con lo establecido en el Estatuto Org\u00e1nico. Mons. Lisandro Alirio Rivas Dur\u00e1n, I.M.C., Obispo de la Di\u00f3cesis de San Crist\u00f3bal es el Gran<\/p>\n","protected":false},"author":1,"featured_media":0,"parent":86,"menu_order":0,"comment_status":"closed","ping_status":"closed","template":"fullwidth.php","meta":[],"yoast_head":"<!-- This site is optimized with the Yoast SEO plugin v19.2 - https:\/\/yoast.com\/wordpress\/plugins\/seo\/ -->\n<title>Gran Canciller - Universidad Cat\u00f3lica del T\u00e1chira<\/title>\n<meta name=\"robots\" content=\"index, follow, max-snippet:-1, max-image-preview:large, max-video-preview:-1\" \/>\n<link rel=\"canonical\" href=\"https:\/\/www.ucat.edu.ve\/web\/autoridades\/gran-canciller\/\" \/>\n<meta property=\"og:locale\" content=\"es_ES\" \/>\n<meta property=\"og:type\" content=\"article\" \/>\n<meta property=\"og:title\" content=\"Gran Canciller - Universidad Cat\u00f3lica del T\u00e1chira\" \/>\n<meta property=\"og:description\" content=\"El Gran Canciller de la Universidad Cat\u00f3lica del T\u00e1chira es el Obispo de la Di\u00f3cesis de San Crist\u00f3bal, a quien corresponde en forma especial el alto patronazgo de la Universidad, de acuerdo con lo establecido en el Estatuto Org\u00e1nico. Mons. Lisandro Alirio Rivas Dur\u00e1n, I.M.C., Obispo de la Di\u00f3cesis de San Crist\u00f3bal es el Gran\" \/>\n<meta property=\"og:url\" content=\"https:\/\/www.ucat.edu.ve\/web\/autoridades\/gran-canciller\/\" \/>\n<meta property=\"og:site_name\" content=\"Universidad Cat\u00f3lica del T\u00e1chira\" \/>\n<meta property=\"article:publisher\" content=\"https:\/\/www.facebook.com\/notiucat\/\" \/>\n<meta property=\"article:modified_time\" content=\"2025-01-28T00:37:58+00:00\" \/>\n<meta property=\"og:image\" content=\"https:\/\/www.ucat.edu.ve\/web\/wp-content\/uploads\/2025\/01\/Foto_Mons.-Lisandro-Alirio-Rivas-Duran.png\" \/>\n<meta name=\"author\" content=\"Superadministrador\" \/>\n<meta name=\"twitter:card\" content=\"summary_large_image\" \/>\n<meta name=\"twitter:site\" content=\"@notiucat\" \/>\n<meta name=\"twitter:label1\" content=\"Est. reading time\" \/>\n\t<meta name=\"twitter:data1\" content=\"2 minutos\" \/>\n<script type=\"application\/ld+json\" class=\"yoast-schema-graph\">{\"@context\":\"https:\/\/schema.org\",\"@graph\":[{\"@type\":\"Organization\",\"@id\":\"https:\/\/www.ucat.edu.ve\/web\/#organization\",\"name\":\"Universidad Cat\u00f3lica Del T\u00e1chira UCAT\",\"url\":\"https:\/\/www.ucat.edu.ve\/web\/\",\"sameAs\":[\"https:\/\/www.instagram.com\/notiucat\/\",\"https:\/\/www.youtube.com\/channel\/UCwEbYSB1R9fzlII-8dcxuYA?view_as=subscriber\",\"https:\/\/www.facebook.com\/notiucat\/\",\"https:\/\/twitter.com\/notiucat\"],\"logo\":{\"@type\":\"ImageObject\",\"inLanguage\":\"es-ES\",\"@id\":\"https:\/\/www.ucat.edu.ve\/web\/#\/schema\/logo\/image\/\",\"url\":\"https:\/\/www.ucat.edu.ve\/web\/wp-content\/uploads\/2015\/07\/logoucat.gif\",\"contentUrl\":\"https:\/\/www.ucat.edu.ve\/web\/wp-content\/uploads\/2015\/07\/logoucat.gif\",\"width\":219,\"height\":155,\"caption\":\"Universidad Cat\u00f3lica Del T\u00e1chira UCAT\"},\"image\":{\"@id\":\"https:\/\/www.ucat.edu.ve\/web\/#\/schema\/logo\/image\/\"}},{\"@type\":\"WebSite\",\"@id\":\"https:\/\/www.ucat.edu.ve\/web\/#website\",\"url\":\"https:\/\/www.ucat.edu.ve\/web\/\",\"name\":\"Universidad Cat\u00f3lica del T\u00e1chira\",\"description\":\"\",\"publisher\":{\"@id\":\"https:\/\/www.ucat.edu.ve\/web\/#organization\"},\"potentialAction\":[{\"@type\":\"SearchAction\",\"target\":{\"@type\":\"EntryPoint\",\"urlTemplate\":\"https:\/\/www.ucat.edu.ve\/web\/?s={search_term_string}\"},\"query-input\":\"required name=search_term_string\"}],\"inLanguage\":\"es-ES\"},{\"@type\":\"ImageObject\",\"inLanguage\":\"es-ES\",\"@id\":\"https:\/\/www.ucat.edu.ve\/web\/autoridades\/gran-canciller\/#primaryimage\",\"url\":\"https:\/\/www.ucat.edu.ve\/web\/wp-content\/uploads\/2025\/01\/Foto_Mons.-Lisandro-Alirio-Rivas-Duran.png\",\"contentUrl\":\"https:\/\/www.ucat.edu.ve\/web\/wp-content\/uploads\/2025\/01\/Foto_Mons.-Lisandro-Alirio-Rivas-Duran.png\",\"width\":153,\"height\":153},{\"@type\":\"WebPage\",\"@id\":\"https:\/\/www.ucat.edu.ve\/web\/autoridades\/gran-canciller\/#webpage\",\"url\":\"https:\/\/www.ucat.edu.ve\/web\/autoridades\/gran-canciller\/\",\"name\":\"Gran Canciller - Universidad Cat\u00f3lica del T\u00e1chira\",\"isPartOf\":{\"@id\":\"https:\/\/www.ucat.edu.ve\/web\/#website\"},\"primaryImageOfPage\":{\"@id\":\"https:\/\/www.ucat.edu.ve\/web\/autoridades\/gran-canciller\/#primaryimage\"},\"datePublished\":\"2016-12-02T11:35:59+00:00\",\"dateModified\":\"2025-01-28T00:37:58+00:00\",\"breadcrumb\":{\"@id\":\"https:\/\/www.ucat.edu.ve\/web\/autoridades\/gran-canciller\/#breadcrumb\"},\"inLanguage\":\"es-ES\",\"potentialAction\":[{\"@type\":\"ReadAction\",\"target\":[\"https:\/\/www.ucat.edu.ve\/web\/autoridades\/gran-canciller\/\"]}]},{\"@type\":\"BreadcrumbList\",\"@id\":\"https:\/\/www.ucat.edu.ve\/web\/autoridades\/gran-canciller\/#breadcrumb\",\"itemListElement\":[{\"@type\":\"ListItem\",\"position\":1,\"name\":\"Home\",\"item\":\"https:\/\/www.ucat.edu.ve\/web\/\"},{\"@type\":\"ListItem\",\"position\":2,\"name\":\"Autoridades\",\"item\":\"https:\/\/www.ucat.edu.ve\/web\/autoridades\/\"},{\"@type\":\"ListItem\",\"position\":3,\"name\":\"Gran Canciller\"}]}]}<\/script>\n<!-- \/ Yoast SEO plugin. -->","yoast_head_json":{"title":"Gran Canciller - Universidad Cat\u00f3lica del T\u00e1chira","robots":{"index":"index","follow":"follow","max-snippet":"max-snippet:-1","max-image-preview":"max-image-preview:large","max-video-preview":"max-video-preview:-1"},"canonical":"https:\/\/www.ucat.edu.ve\/web\/autoridades\/gran-canciller\/","og_locale":"es_ES","og_type":"article","og_title":"Gran Canciller - Universidad Cat\u00f3lica del T\u00e1chira","og_description":"El Gran Canciller de la Universidad Cat\u00f3lica del T\u00e1chira es el Obispo de la Di\u00f3cesis de San Crist\u00f3bal, a quien corresponde en forma especial el alto patronazgo de la Universidad, de acuerdo con lo establecido en el Estatuto Org\u00e1nico. Mons. Lisandro Alirio Rivas Dur\u00e1n, I.M.C., Obispo de la Di\u00f3cesis de San Crist\u00f3bal es el Gran","og_url":"https:\/\/www.ucat.edu.ve\/web\/autoridades\/gran-canciller\/","og_site_name":"Universidad Cat\u00f3lica del T\u00e1chira","article_publisher":"https:\/\/www.facebook.com\/notiucat\/","article_modified_time":"2025-01-28T00:37:58+00:00","og_image":[{"url":"https:\/\/www.ucat.edu.ve\/web\/wp-content\/uploads\/2025\/01\/Foto_Mons.-Lisandro-Alirio-Rivas-Duran.png"}],"author":"Superadministrador","twitter_card":"summary_large_image","twitter_site":"@notiucat","twitter_misc":{"Est. reading time":"2 minutos"},"schema":{"@context":"https:\/\/schema.org","@graph":[{"@type":"Organization","@id":"https:\/\/www.ucat.edu.ve\/web\/#organization","name":"Universidad Cat\u00f3lica Del T\u00e1chira UCAT","url":"https:\/\/www.ucat.edu.ve\/web\/","sameAs":["https:\/\/www.instagram.com\/notiucat\/","https:\/\/www.youtube.com\/channel\/UCwEbYSB1R9fzlII-8dcxuYA?view_as=subscriber","https:\/\/www.facebook.com\/notiucat\/","https:\/\/twitter.com\/notiucat"],"logo":{"@type":"ImageObject","inLanguage":"es-ES","@id":"https:\/\/www.ucat.edu.ve\/web\/#\/schema\/logo\/image\/","url":"https:\/\/www.ucat.edu.ve\/web\/wp-content\/uploads\/2015\/07\/logoucat.gif","contentUrl":"https:\/\/www.ucat.edu.ve\/web\/wp-content\/uploads\/2015\/07\/logoucat.gif","width":219,"height":155,"caption":"Universidad Cat\u00f3lica Del T\u00e1chira UCAT"},"image":{"@id":"https:\/\/www.ucat.edu.ve\/web\/#\/schema\/logo\/image\/"}},{"@type":"WebSite","@id":"https:\/\/www.ucat.edu.ve\/web\/#website","url":"https:\/\/www.ucat.edu.ve\/web\/","name":"Universidad Cat\u00f3lica del T\u00e1chira","description":"","publisher":{"@id":"https:\/\/www.ucat.edu.ve\/web\/#organization"},"potentialAction":[{"@type":"SearchAction","target":{"@type":"EntryPoint","urlTemplate":"https:\/\/www.ucat.edu.ve\/web\/?s={search_term_string}"},"query-input":"required name=search_term_string"}],"inLanguage":"es-ES"},{"@type":"ImageObject","inLanguage":"es-ES","@id":"https:\/\/www.ucat.edu.ve\/web\/autoridades\/gran-canciller\/#primaryimage","url":"https:\/\/www.ucat.edu.ve\/web\/wp-content\/uploads\/2025\/01\/Foto_Mons.-Lisandro-Alirio-Rivas-Duran.png","contentUrl":"https:\/\/www.ucat.edu.ve\/web\/wp-content\/uploads\/2025\/01\/Foto_Mons.-Lisandro-Alirio-Rivas-Duran.png","width":153,"height":153},{"@type":"WebPage","@id":"https:\/\/www.ucat.edu.ve\/web\/autoridades\/gran-canciller\/#webpage","url":"https:\/\/www.ucat.edu.ve\/web\/autoridades\/gran-canciller\/","name":"Gran Canciller - Universidad Cat\u00f3lica del T\u00e1chira","isPartOf":{"@id":"https:\/\/www.ucat.edu.ve\/web\/#website"},"primaryImageOfPage":{"@id":"https:\/\/www.ucat.edu.ve\/web\/autoridades\/gran-canciller\/#primaryimage"},"datePublished":"2016-12-02T11:35:59+00:00","dateModified":"2025-01-28T00:37:58+00:00","breadcrumb":{"@id":"https:\/\/www.ucat.edu.ve\/web\/autoridades\/gran-canciller\/#breadcrumb"},"inLanguage":"es-ES","potentialAction":[{"@type":"ReadAction","target":["https:\/\/www.ucat.edu.ve\/web\/autoridades\/gran-canciller\/"]}]},{"@type":"BreadcrumbList","@id":"https:\/\/www.ucat.edu.ve\/web\/autoridades\/gran-canciller\/#breadcrumb","itemListElement":[{"@type":"ListItem","position":1,"name":"Home","item":"https:\/\/www.ucat.edu.ve\/web\/"},{"@type":"ListItem","position":2,"name":"Autoridades","item":"https:\/\/www.ucat.edu.ve\/web\/autoridades\/"},{"@type":"ListItem","position":3,"name":"Gran Canciller"}]}]}},"_links":{"self":[{"href":"https:\/\/www.ucat.edu.ve\/web\/wp-json\/wp\/v2\/pages\/1267"}],"collection":[{"href":"https:\/\/www.ucat.edu.ve\/web\/wp-json\/wp\/v2\/pages"}],"about":[{"href":"https:\/\/www.ucat.edu.ve\/web\/wp-json\/wp\/v2\/types\/page"}],"author":[{"embeddable":true,"href":"https:\/\/www.ucat.edu.ve\/web\/wp-json\/wp\/v2\/users\/1"}],"replies":[{"embeddable":true,"href":"https:\/\/www.ucat.edu.ve\/web\/wp-json\/wp\/v2\/comments?post=1267"}],"version-history":[{"count":10,"href":"https:\/\/www.ucat.edu.ve\/web\/wp-json\/wp\/v2\/pages\/1267\/revisions"}],"predecessor-version":[{"id":13855,"href":"https:\/\/www.ucat.edu.ve\/web\/wp-json\/wp\/v2\/pages\/1267\/revisions\/13855"}],"up":[{"embeddable":true,"href":"https:\/\/www.ucat.edu.ve\/web\/wp-json\/wp\/v2\/pages\/86"}],"wp:attachment":[{"href":"https:\/\/www.ucat.edu.ve\/web\/wp-json\/wp\/v2\/media?parent=1267"}],"curies":[{"name":"wp","href":"https:\/\/api.w.org\/{rel}","templated":true}]}}