 {"id":1384,"date":"2017-02-20T15:24:14","date_gmt":"2017-02-20T15:24:14","guid":{"rendered":"http:\/\/www.ucat.edu.ve\/web\/?page_id=1384"},"modified":"2024-01-09T15:36:34","modified_gmt":"2024-01-09T15:36:34","slug":"vicerrectorado-academico","status":"publish","type":"page","link":"https:\/\/www.ucat.edu.ve\/web\/autoridades\/vicerrectorado-academico\/","title":{"rendered":"Vicerrectorado Acad\u00e9mico"},"content":{"rendered":"<p style=\"text-align: justify\">El Vicerrector Acad\u00e9mico de la Universidad Cat\u00f3lica del T\u00e1chira es quien supervisa y coordina, de acuerdo con el Rector, las actividades docentes, de investigaci\u00f3n y de extensi\u00f3n de la Universidad, suple las faltas temporales del Rector y dirige los departamentos, centros y divisiones que le est\u00e1n adscritas.<\/p>\n<div class=\"su-spacer\" style=\"height:30px\"><\/div>\n<p style=\"text-align: justify\"><img loading=\"lazy\" class=\"size-full wp-image-9969 alignleft\" src=\"https:\/\/www.ucat.edu.ve\/web\/wp-content\/uploads\/2022\/10\/Foto_Padre-Ricardo.png\" alt=\"\" width=\"153\" height=\"153\" \/><\/p>\n<p style=\"text-align: justify\">Licenciado en Educaci\u00f3n Menci\u00f3n Filosof\u00eda por el IUESTA (Venezuela), Bachiller en Teolog\u00eda por la Pontificia Universidad de la Santa Cruz de Roma (Italia). Presb\u00edtero. Mag\u00edster en Teolog\u00eda por la Pontificia Universidad de la Santa Cruz de Roma (Italia). Doctorando en la Universidad Pontificia Bolivariana de Medell\u00edn (Colombia).<\/p>\n<p><strong><div class=\"su-spacer\" style=\"height:10px\"><\/div><\/strong><\/p>\n<p><strong>Pbro. Ricardo Casanova<br \/>\nVicerrector Acad\u00e9mico<br \/>\n2022-2026<\/strong><\/p>\n<div class=\"textwidget\"><div class=\"su-heading su-heading-style-default su-heading-align-center\" id=\"\" style=\"font-size:18px;margin-bottom:20px\"><div class=\"su-heading-inner\"><strong>Unidades Operativas Adscritas<\/strong><\/div><\/div><\/div>\n<div>\n<div class=\"su-tabs su-tabs-style-default su-tabs-mobile-stack\" data-active=\"1\" data-scroll-offset=\"0\" data-anchor-in-url=\"no\"><div class=\"su-tabs-nav\"><span class=\"\" data-url=\"\" data-target=\"blank\" tabindex=\"0\" role=\"button\">Educaci\u00f3n Virtual<\/span><span class=\"\" data-url=\"\" data-target=\"blank\" tabindex=\"0\" role=\"button\">Laboratorios de Computaci\u00f3n<\/span><span class=\"\" data-url=\"\" data-target=\"blank\" tabindex=\"0\" role=\"button\">Biblioteca<\/span><span class=\"\" data-url=\"\" data-target=\"blank\" tabindex=\"0\" role=\"button\">Educaci\u00f3n Continua<\/span><span class=\"\" data-url=\"\" data-target=\"blank\" tabindex=\"0\" role=\"button\">Unidad de Pedagog\u00eda<\/span><span class=\"\" data-url=\"\" data-target=\"blank\" tabindex=\"0\" role=\"button\">Programa de Orientaci\u00f3n Psicol\u00f3gica<\/span><\/div><div class=\"su-tabs-panes\"><div class=\"su-tabs-pane su-u-clearfix su-u-trim\" data-title=\"Educaci\u00f3n Virtual\">\n<p>El Departamento de Educaci\u00f3n\u00a0virtual est\u00e1 orientado a la productividad y la excelencia acad\u00e9mica para la educabilidad, cuya misi\u00f3n es la formaci\u00f3n de un capital intelectual de calidad, basados en la integraci\u00f3n universidad-comunidad, con relaci\u00f3n a la calidad de los procesos de orientaci\u00f3n-aprendizaje y ense\u00f1anza-aprendizaje a trav\u00e9s de una plataforma tecnol\u00f3gica, que satisfaga los requerimientos del contexto regional, nacional e internacional.<\/p>\n<p>Personal Adscrito:\u00a0Lcdo. Gabriel Jaimes Dur\u00e1n<\/p>\n<p>Correo: eduvirtual@ucat.edu.ve<\/p>\n<p>Ubicaci\u00f3n: Sede Loma del Tejar, en el edificio A.<\/p>\n<\/div>\n<div class=\"su-tabs-pane su-u-clearfix su-u-trim\" data-title=\"Laboratorios de Computaci\u00f3n\">\n<p>Los Laboratorios de Computaci\u00f3n tiene como funci\u00f3n mantener atenci\u00f3n y apoyo operativo al personal docente y estudiantes de las facultades que dentro de su prensa de estudios incluyen asignaturas relacionadas con el \u00e1rea de la inform\u00e1tica y computaci\u00f3n; cursos de extensi\u00f3n programados por diferentes dependencias de la Universidad y el mantenimiento preventivo a equipos de computaci\u00f3n ubicados en los laboratorios de la dependencia.<\/p>\n<p>El Centro de Inform\u00e1tica y Sistemas dispone de siete salas de computadoras ubicadas en diferentes sitios del edificio antiguo contando todas con un componente tecnol\u00f3gico que permite ejecutar de manera satisfactoria las acciones acad\u00e9micas dentro de los laboratorios.<\/p>\n<p>La distribuci\u00f3n de equipos por salas es:<\/p>\n<table>\n<tbody>\n<tr>\n<td width=\"128\">Sala<\/td>\n<td width=\"136\">N\u00famero de equipos<\/td>\n<td width=\"120\">Ubicaci\u00f3n<\/td>\n<\/tr>\n<tr>\n<td width=\"128\">1<\/td>\n<td width=\"136\">28<\/td>\n<td rowspan=\"5\" width=\"120\">Edificio 5, piso 2<\/td>\n<\/tr>\n<tr>\n<td width=\"128\">2<\/td>\n<td width=\"136\">22<\/td>\n<\/tr>\n<tr>\n<td width=\"128\">3<\/td>\n<td width=\"136\">20<\/td>\n<\/tr>\n<tr>\n<td width=\"128\">4<\/td>\n<td width=\"136\">20<\/td>\n<\/tr>\n<tr>\n<td width=\"128\">5<\/td>\n<td width=\"136\">30<\/td>\n<\/tr>\n<tr>\n<td width=\"128\">6<\/td>\n<td width=\"136\">50<\/td>\n<td width=\"120\">Edificio 5, piso 1<\/td>\n<\/tr>\n<tr>\n<td width=\"128\"><\/td>\n<td width=\"136\"><\/td>\n<td width=\"120\"><\/td>\n<\/tr>\n<\/tbody>\n<\/table>\n<\/div>\n<div class=\"su-tabs-pane su-u-clearfix su-u-trim\" data-title=\"Biblioteca\">\n<p>La Biblioteca de la Universidad Cat\u00f3lica del T\u00e1chira est\u00e1 destinada a facilitar el acceso y recuperaci\u00f3n de toda aquella informaci\u00f3n que ha sido requerida por los usuarios de la comunidad universitaria,\u00a0 en lo que se refiere al proceso de ense\u00f1anza-aprendizaje y generaci\u00f3n de nuevos conocimientos que lo conforman, del empleo de tecnolog\u00eda de informaci\u00f3n de vanguardia y el servicio de un personal calificado.\u00a0 Todo ello bajo un ambiente que estimule la investigaci\u00f3n y contribuya a la formaci\u00f3n integral de los usuarios<\/p>\n<p>Personal Adscrito:\u00a0 Abog. Vanessa Palmar de Balza<\/p>\n<p>Ubicaci\u00f3n:\u00a0Sede Loma del Tejar, Edificio B.<\/p>\n<\/div>\n<div class=\"su-tabs-pane su-u-clearfix su-u-trim\" data-title=\"Educaci\u00f3n Continua\">\n<p>El Departamento de Educaci\u00f3n Continua es una dependencia de la Universidad Cat\u00f3lica del T\u00e1chira, destinada a dar respuesta a las necesidades propias de la din\u00e1mica y los avances de la sociedad, generada por el desarrollo econ\u00f3mico, pol\u00edtico, social, tecnol\u00f3gico, de investigaci\u00f3n, apertura y el auge de mercados.<\/p>\n<p>Personal Adscrito:\u00a0Abog. Yensy Meneses<\/p>\n<p>Ubicaci\u00f3n: Sede Loma del Tejar, en el edificio B.<\/p>\n<\/div>\n<div class=\"su-tabs-pane su-u-clearfix su-u-trim\" data-title=\"Unidad de Pedagog\u00eda\">\n<p>La Misi\u00f3n de La Unidad de Pedagog\u00eda Ucatense como instancia reconocida por orientar el quehacer universitario de la UCAT, en sinton\u00eda con los retos y desaf\u00edos del Siglo XXI y en concordancia con los prop\u00f3sitos de la Universidad.<\/p>\n<p>Vinculada con la Instituci\u00f3n de Educaci\u00f3n Superior en los \u00e1mbitos Internacional, Nacional y Regional, en la b\u00fasqueda del fortalecimiento de relaciones pedag\u00f3gicas e institucionales.<\/p>\n<p>Promotora de actividades que permitan la actualizaci\u00f3n, acompa\u00f1amiento y reflexi\u00f3n permanente de los saberes.<\/p>\n<p>Su Visi\u00f3n es una instancia operativa orientada a coordinar los procesos vinculados a la ense\u00f1anza y el aprendizaje en la Universidad Cat\u00f3lica del T\u00e1chira, en la b\u00fasqueda de fortalecer el quehacer universitario para el logro de la excelencia acad\u00e9mica, profesional y humana.<\/p>\n<p>Iniciativas y Programas:<\/p>\n<p>Las iniciativas estrat\u00e9gicas y programas que conforman a la Unidad de Pedagog\u00eda Ucatense son los siguientes:<\/p>\n<p>-Iniciativa Modelo Pedag\u00f3gico y Dise\u00f1o Curricular<br \/>\n-Programa evaluaci\u00f3n del desempe\u00f1o docente desde la percepci\u00f3n de los estudiantes y an\u00e1lisis estad\u00edstico de la informaci\u00f3n institucional aportada por diferentes unidades operativas.<br \/>\n<\/div>\n<div class=\"su-tabs-pane su-u-clearfix su-u-trim\" data-title=\"Programa de Orientaci\u00f3n Psicol\u00f3gica\">\n<p>El programa de orientaci\u00f3n y psicolog\u00eda es un servicio asistencial que en un comienzo surge con el fin de dar respuesta a las demandas de atenci\u00f3n psicol\u00f3gica del alumnado universitario, pero luego hace extensible su oferta hasta abarcar tanto al personal que estudia o trabaja en la universidad. Por la naturaleza de este servicio no pod\u00eda dejarse excluido a ning\u00fan sector de la misma, a\u00fan a sabiendas, por nuestra experiencia y la de otras universidades, de que la demanda de atenci\u00f3n se concentra principalmente en los alumnos, representando \u00e9stos el porcentaje m\u00e1s alto de usuarios de este servicio.<\/p>\n<\/div><\/div><\/div>\n<\/div>\n<div><\/div>\n","protected":false},"excerpt":{"rendered":"<p>El Vicerrector Acad\u00e9mico de la Universidad Cat\u00f3lica del T\u00e1chira es quien supervisa y coordina, de acuerdo con el Rector, las actividades docentes, de investigaci\u00f3n y de extensi\u00f3n de la Universidad, suple las faltas temporales del Rector y dirige los departamentos, centros y divisiones que le est\u00e1n adscritas. Licenciado en Educaci\u00f3n Menci\u00f3n Filosof\u00eda por el IUESTA<\/p>\n","protected":false},"author":1,"featured_media":0,"parent":86,"menu_order":0,"comment_status":"closed","ping_status":"closed","template":"fullwidth.php","meta":[],"yoast_head":"<!-- This site is optimized with the Yoast SEO plugin v19.2 - https:\/\/yoast.com\/wordpress\/plugins\/seo\/ -->\n<title>Vicerrectorado Acad\u00e9mico - Universidad Cat\u00f3lica del T\u00e1chira<\/title>\n<meta name=\"robots\" content=\"index, follow, max-snippet:-1, max-image-preview:large, max-video-preview:-1\" \/>\n<link rel=\"canonical\" href=\"https:\/\/www.ucat.edu.ve\/web\/autoridades\/vicerrectorado-academico\/\" \/>\n<meta property=\"og:locale\" content=\"es_ES\" \/>\n<meta property=\"og:type\" content=\"article\" \/>\n<meta property=\"og:title\" content=\"Vicerrectorado Acad\u00e9mico - Universidad Cat\u00f3lica del T\u00e1chira\" \/>\n<meta property=\"og:description\" content=\"El Vicerrector Acad\u00e9mico de la Universidad Cat\u00f3lica del T\u00e1chira es quien supervisa y coordina, de acuerdo con el Rector, las actividades docentes, de investigaci\u00f3n y de extensi\u00f3n de la Universidad, suple las faltas temporales del Rector y dirige los departamentos, centros y divisiones que le est\u00e1n adscritas. Licenciado en Educaci\u00f3n Menci\u00f3n Filosof\u00eda por el IUESTA\" \/>\n<meta property=\"og:url\" content=\"https:\/\/www.ucat.edu.ve\/web\/autoridades\/vicerrectorado-academico\/\" \/>\n<meta property=\"og:site_name\" content=\"Universidad Cat\u00f3lica del T\u00e1chira\" \/>\n<meta property=\"article:publisher\" content=\"https:\/\/www.facebook.com\/notiucat\/\" \/>\n<meta property=\"article:modified_time\" content=\"2024-01-09T15:36:34+00:00\" \/>\n<meta property=\"og:image\" content=\"https:\/\/www.ucat.edu.ve\/web\/wp-content\/uploads\/2022\/10\/Foto_Padre-Ricardo.png\" \/>\n<meta name=\"author\" content=\"Superadministrador\" \/>\n<meta name=\"twitter:card\" content=\"summary_large_image\" \/>\n<meta name=\"twitter:site\" content=\"@notiucat\" \/>\n<meta name=\"twitter:label1\" content=\"Est. reading time\" \/>\n\t<meta name=\"twitter:data1\" content=\"4 minutos\" \/>\n<script type=\"application\/ld+json\" class=\"yoast-schema-graph\">{\"@context\":\"https:\/\/schema.org\",\"@graph\":[{\"@type\":\"Organization\",\"@id\":\"https:\/\/www.ucat.edu.ve\/web\/#organization\",\"name\":\"Universidad Cat\u00f3lica Del T\u00e1chira UCAT\",\"url\":\"https:\/\/www.ucat.edu.ve\/web\/\",\"sameAs\":[\"https:\/\/www.instagram.com\/notiucat\/\",\"https:\/\/www.youtube.com\/channel\/UCwEbYSB1R9fzlII-8dcxuYA?view_as=subscriber\",\"https:\/\/www.facebook.com\/notiucat\/\",\"https:\/\/twitter.com\/notiucat\"],\"logo\":{\"@type\":\"ImageObject\",\"inLanguage\":\"es-ES\",\"@id\":\"https:\/\/www.ucat.edu.ve\/web\/#\/schema\/logo\/image\/\",\"url\":\"https:\/\/www.ucat.edu.ve\/web\/wp-content\/uploads\/2015\/07\/logoucat.gif\",\"contentUrl\":\"https:\/\/www.ucat.edu.ve\/web\/wp-content\/uploads\/2015\/07\/logoucat.gif\",\"width\":219,\"height\":155,\"caption\":\"Universidad Cat\u00f3lica Del T\u00e1chira UCAT\"},\"image\":{\"@id\":\"https:\/\/www.ucat.edu.ve\/web\/#\/schema\/logo\/image\/\"}},{\"@type\":\"WebSite\",\"@id\":\"https:\/\/www.ucat.edu.ve\/web\/#website\",\"url\":\"https:\/\/www.ucat.edu.ve\/web\/\",\"name\":\"Universidad Cat\u00f3lica del T\u00e1chira\",\"description\":\"\",\"publisher\":{\"@id\":\"https:\/\/www.ucat.edu.ve\/web\/#organization\"},\"potentialAction\":[{\"@type\":\"SearchAction\",\"target\":{\"@type\":\"EntryPoint\",\"urlTemplate\":\"https:\/\/www.ucat.edu.ve\/web\/?s={search_term_string}\"},\"query-input\":\"required name=search_term_string\"}],\"inLanguage\":\"es-ES\"},{\"@type\":\"ImageObject\",\"inLanguage\":\"es-ES\",\"@id\":\"https:\/\/www.ucat.edu.ve\/web\/autoridades\/vicerrectorado-academico\/#primaryimage\",\"url\":\"https:\/\/www.ucat.edu.ve\/web\/wp-content\/uploads\/2022\/10\/Foto_Padre-Ricardo.png\",\"contentUrl\":\"https:\/\/www.ucat.edu.ve\/web\/wp-content\/uploads\/2022\/10\/Foto_Padre-Ricardo.png\",\"width\":153,\"height\":153},{\"@type\":\"WebPage\",\"@id\":\"https:\/\/www.ucat.edu.ve\/web\/autoridades\/vicerrectorado-academico\/#webpage\",\"url\":\"https:\/\/www.ucat.edu.ve\/web\/autoridades\/vicerrectorado-academico\/\",\"name\":\"Vicerrectorado Acad\u00e9mico - Universidad Cat\u00f3lica del T\u00e1chira\",\"isPartOf\":{\"@id\":\"https:\/\/www.ucat.edu.ve\/web\/#website\"},\"primaryImageOfPage\":{\"@id\":\"https:\/\/www.ucat.edu.ve\/web\/autoridades\/vicerrectorado-academico\/#primaryimage\"},\"datePublished\":\"2017-02-20T15:24:14+00:00\",\"dateModified\":\"2024-01-09T15:36:34+00:00\",\"breadcrumb\":{\"@id\":\"https:\/\/www.ucat.edu.ve\/web\/autoridades\/vicerrectorado-academico\/#breadcrumb\"},\"inLanguage\":\"es-ES\",\"potentialAction\":[{\"@type\":\"ReadAction\",\"target\":[\"https:\/\/www.ucat.edu.ve\/web\/autoridades\/vicerrectorado-academico\/\"]}]},{\"@type\":\"BreadcrumbList\",\"@id\":\"https:\/\/www.ucat.edu.ve\/web\/autoridades\/vicerrectorado-academico\/#breadcrumb\",\"itemListElement\":[{\"@type\":\"ListItem\",\"position\":1,\"name\":\"Home\",\"item\":\"https:\/\/www.ucat.edu.ve\/web\/\"},{\"@type\":\"ListItem\",\"position\":2,\"name\":\"Autoridades\",\"item\":\"https:\/\/www.ucat.edu.ve\/web\/autoridades\/\"},{\"@type\":\"ListItem\",\"position\":3,\"name\":\"Vicerrectorado Acad\u00e9mico\"}]}]}<\/script>\n<!-- \/ Yoast SEO plugin. -->","yoast_head_json":{"title":"Vicerrectorado Acad\u00e9mico - Universidad Cat\u00f3lica del T\u00e1chira","robots":{"index":"index","follow":"follow","max-snippet":"max-snippet:-1","max-image-preview":"max-image-preview:large","max-video-preview":"max-video-preview:-1"},"canonical":"https:\/\/www.ucat.edu.ve\/web\/autoridades\/vicerrectorado-academico\/","og_locale":"es_ES","og_type":"article","og_title":"Vicerrectorado Acad\u00e9mico - Universidad Cat\u00f3lica del T\u00e1chira","og_description":"El Vicerrector Acad\u00e9mico de la Universidad Cat\u00f3lica del T\u00e1chira es quien supervisa y coordina, de acuerdo con el Rector, las actividades docentes, de investigaci\u00f3n y de extensi\u00f3n de la Universidad, suple las faltas temporales del Rector y dirige los departamentos, centros y divisiones que le est\u00e1n adscritas. Licenciado en Educaci\u00f3n Menci\u00f3n Filosof\u00eda por el IUESTA","og_url":"https:\/\/www.ucat.edu.ve\/web\/autoridades\/vicerrectorado-academico\/","og_site_name":"Universidad Cat\u00f3lica del T\u00e1chira","article_publisher":"https:\/\/www.facebook.com\/notiucat\/","article_modified_time":"2024-01-09T15:36:34+00:00","og_image":[{"url":"https:\/\/www.ucat.edu.ve\/web\/wp-content\/uploads\/2022\/10\/Foto_Padre-Ricardo.png"}],"author":"Superadministrador","twitter_card":"summary_large_image","twitter_site":"@notiucat","twitter_misc":{"Est. reading time":"4 minutos"},"schema":{"@context":"https:\/\/schema.org","@graph":[{"@type":"Organization","@id":"https:\/\/www.ucat.edu.ve\/web\/#organization","name":"Universidad Cat\u00f3lica Del T\u00e1chira UCAT","url":"https:\/\/www.ucat.edu.ve\/web\/","sameAs":["https:\/\/www.instagram.com\/notiucat\/","https:\/\/www.youtube.com\/channel\/UCwEbYSB1R9fzlII-8dcxuYA?view_as=subscriber","https:\/\/www.facebook.com\/notiucat\/","https:\/\/twitter.com\/notiucat"],"logo":{"@type":"ImageObject","inLanguage":"es-ES","@id":"https:\/\/www.ucat.edu.ve\/web\/#\/schema\/logo\/image\/","url":"https:\/\/www.ucat.edu.ve\/web\/wp-content\/uploads\/2015\/07\/logoucat.gif","contentUrl":"https:\/\/www.ucat.edu.ve\/web\/wp-content\/uploads\/2015\/07\/logoucat.gif","width":219,"height":155,"caption":"Universidad Cat\u00f3lica Del T\u00e1chira UCAT"},"image":{"@id":"https:\/\/www.ucat.edu.ve\/web\/#\/schema\/logo\/image\/"}},{"@type":"WebSite","@id":"https:\/\/www.ucat.edu.ve\/web\/#website","url":"https:\/\/www.ucat.edu.ve\/web\/","name":"Universidad Cat\u00f3lica del T\u00e1chira","description":"","publisher":{"@id":"https:\/\/www.ucat.edu.ve\/web\/#organization"},"potentialAction":[{"@type":"SearchAction","target":{"@type":"EntryPoint","urlTemplate":"https:\/\/www.ucat.edu.ve\/web\/?s={search_term_string}"},"query-input":"required name=search_term_string"}],"inLanguage":"es-ES"},{"@type":"ImageObject","inLanguage":"es-ES","@id":"https:\/\/www.ucat.edu.ve\/web\/autoridades\/vicerrectorado-academico\/#primaryimage","url":"https:\/\/www.ucat.edu.ve\/web\/wp-content\/uploads\/2022\/10\/Foto_Padre-Ricardo.png","contentUrl":"https:\/\/www.ucat.edu.ve\/web\/wp-content\/uploads\/2022\/10\/Foto_Padre-Ricardo.png","width":153,"height":153},{"@type":"WebPage","@id":"https:\/\/www.ucat.edu.ve\/web\/autoridades\/vicerrectorado-academico\/#webpage","url":"https:\/\/www.ucat.edu.ve\/web\/autoridades\/vicerrectorado-academico\/","name":"Vicerrectorado Acad\u00e9mico - Universidad Cat\u00f3lica del T\u00e1chira","isPartOf":{"@id":"https:\/\/www.ucat.edu.ve\/web\/#website"},"primaryImageOfPage":{"@id":"https:\/\/www.ucat.edu.ve\/web\/autoridades\/vicerrectorado-academico\/#primaryimage"},"datePublished":"2017-02-20T15:24:14+00:00","dateModified":"2024-01-09T15:36:34+00:00","breadcrumb":{"@id":"https:\/\/www.ucat.edu.ve\/web\/autoridades\/vicerrectorado-academico\/#breadcrumb"},"inLanguage":"es-ES","potentialAction":[{"@type":"ReadAction","target":["https:\/\/www.ucat.edu.ve\/web\/autoridades\/vicerrectorado-academico\/"]}]},{"@type":"BreadcrumbList","@id":"https:\/\/www.ucat.edu.ve\/web\/autoridades\/vicerrectorado-academico\/#breadcrumb","itemListElement":[{"@type":"ListItem","position":1,"name":"Home","item":"https:\/\/www.ucat.edu.ve\/web\/"},{"@type":"ListItem","position":2,"name":"Autoridades","item":"https:\/\/www.ucat.edu.ve\/web\/autoridades\/"},{"@type":"ListItem","position":3,"name":"Vicerrectorado Acad\u00e9mico"}]}]}},"_links":{"self":[{"href":"https:\/\/www.ucat.edu.ve\/web\/wp-json\/wp\/v2\/pages\/1384"}],"collection":[{"href":"https:\/\/www.ucat.edu.ve\/web\/wp-json\/wp\/v2\/pages"}],"about":[{"href":"https:\/\/www.ucat.edu.ve\/web\/wp-json\/wp\/v2\/types\/page"}],"author":[{"embeddable":true,"href":"https:\/\/www.ucat.edu.ve\/web\/wp-json\/wp\/v2\/users\/1"}],"replies":[{"embeddable":true,"href":"https:\/\/www.ucat.edu.ve\/web\/wp-json\/wp\/v2\/comments?post=1384"}],"version-history":[{"count":14,"href":"https:\/\/www.ucat.edu.ve\/web\/wp-json\/wp\/v2\/pages\/1384\/revisions"}],"predecessor-version":[{"id":12146,"href":"https:\/\/www.ucat.edu.ve\/web\/wp-json\/wp\/v2\/pages\/1384\/revisions\/12146"}],"up":[{"embeddable":true,"href":"https:\/\/www.ucat.edu.ve\/web\/wp-json\/wp\/v2\/pages\/86"}],"wp:attachment":[{"href":"https:\/\/www.ucat.edu.ve\/web\/wp-json\/wp\/v2\/media?parent=1384"}],"curies":[{"name":"wp","href":"https:\/\/api.w.org\/{rel}","templated":true}]}}