 {"id":1946,"date":"2017-06-27T16:47:50","date_gmt":"2017-06-27T16:47:50","guid":{"rendered":"http:\/\/www.ucat.edu.ve\/web\/?page_id=1946"},"modified":"2025-11-19T14:25:52","modified_gmt":"2025-11-19T14:25:52","slug":"admisiones-nueva","status":"publish","type":"page","link":"https:\/\/www.ucat.edu.ve\/web\/admisiones-nueva\/","title":{"rendered":"Admisiones"},"content":{"rendered":"<p style=\"text-align: center\">\u00a0<\/p>\n<div class=\"su-heading su-heading-style-default su-heading-align-center\" id=\"\" style=\"font-size:18px;margin-bottom:20px\"><div class=\"su-heading-inner\"> <strong>TEST DE ORIENTACI\u00d3N VOCACIONAL<\/strong><\/div><\/div>\n<p style=\"text-align: justify\">Para el futuro estudiante, el proceso de elecci\u00f3n de una carrera universitaria implica la consideraci\u00f3n de aspectos tendentes a descubrir sus intereses, gustos y aptitudes; as\u00ed como tambi\u00e9n conocer las posibles alternativas relacionadas a las propuestas acad\u00e9micas disponibles.<\/p>\n<p style=\"text-align: justify\">Un test de orientaci\u00f3n vocacional puede ser una herramienta \u00fatil, aunque no definitiva, para contar con una primera aproximaci\u00f3n a la b\u00fasqueda vocacional. Es por ello que, con la finalidad de contribuir al proceso de la elecci\u00f3n de una carrera universitaria, ponemos a disposici\u00f3n, de forma <em>online<\/em> gratuita, este test que consta de 98 preguntas relacionadas a tus intereses y aptitudes.<\/p>\n<p style=\"text-align: justify\">Para conocer tu orientaci\u00f3n vocacional, puedes responder siguiendo las instrucciones indicadas:<\/p>\n<p><strong>&#8211; Lee atentamente cada pregunta.<\/strong><br \/><strong>&#8211; Selecciona la respuesta SI o No seg\u00fan tu criterio.<\/strong><br \/><strong>&#8211; Responde\u00a0 a todas las preguntas sin omitir ninguna.<\/strong><\/p>\n<p style=\"text-align: justify\">Con base en tus respuestas, puedes tener una primera aproximaci\u00f3n a tu orientaci\u00f3n vocacional.<\/p>\n<p style=\"text-align: center\"><a class=\"maxbutton-1 maxbutton maxbutton-nuevos\" target=\"_blank\" rel=\"noopener\" href=\"https:\/\/forms.gle\/EbEm9jvgamyFLqEn9\"><span class='mb-text'>Realizar Test<\/span><\/a>\n<p>\u00a0<\/p>\n<p style=\"text-align: justify\"><div class=\"su-heading su-heading-style-default su-heading-align-center\" id=\"\" style=\"font-size:18px;margin-bottom:20px\"><div class=\"su-heading-inner\">\u00a0<strong>\u00bfQU\u00c9 DOCUMENTOS SOLICITA LA UCAT PARA LA PREINSCRIPCI\u00d3N DE PREGRADO?\u00a0<\/strong><\/div><\/div>\n<p style=\"text-align: center\"><img loading=\"lazy\" class=\"aligncenter wp-image-10923\" src=\"https:\/\/www.ucat.edu.ve\/web\/wp-content\/uploads\/2023\/04\/documentosucat.png\" alt=\"\" width=\"90\" height=\"90\" \/><\/p>\n<div class=\"su-tabs su-tabs-style-default su-tabs-mobile-stack\" data-active=\"1\" data-scroll-offset=\"0\" data-anchor-in-url=\"no\"><div class=\"su-tabs-nav\"><span class=\"\" data-url=\"\" data-target=\"blank\" tabindex=\"0\" role=\"button\"><strong>Aspirantes Nuevo Ingreso<\/strong><\/span><span class=\"\" data-url=\"\" data-target=\"blank\" tabindex=\"0\" role=\"button\"><strong>Aspirantes Nuevo Ingreso - Extranjero<\/strong><\/span><span class=\"\" data-url=\"\" data-target=\"blank\" tabindex=\"0\" role=\"button\"><strong>Aspirantes por Readmisi\u00f3n<\/strong><\/span><span class=\"\" data-url=\"\" data-target=\"blank\" tabindex=\"0\" role=\"button\"><strong>Profesional Egresado de la UCAT<\/strong><\/span><\/div><div class=\"su-tabs-panes\"><div class=\"su-tabs-pane su-u-clearfix su-u-trim\" data-title=\"&lt;strong&gt;Aspirantes Nuevo Ingreso&lt;\/strong&gt;\"><\/h3>\n<p><em>(Aquellos aspirantes que no han estudiado con anterioridad en la UCAT y no tienen asignado n\u00famero de expediente acad\u00e9mico)<\/em><\/p>\n<p>\u2013 Fotocopia de la C\u00e9dula de identidad.<br \/>\u2013 Factura de Pago.<\/p>\n<\/div>\n<div class=\"su-tabs-pane su-u-clearfix su-u-trim\" data-title=\"&lt;strong&gt;Aspirantes Nuevo Ingreso - Extranjero&lt;\/strong&gt;\"><\/h3>\n<p><em>(Aquellos aspirantes que no han estudiado con anterioridad en la UCAT y no tienen asignado n\u00famero de expediente acad\u00e9mico)<\/em><\/p>\n<p style=\"margin: 0cm;margin-bottom: .0001pt;line-height: 20.25pt\">\u2013 Fotocopia de la C\u00e9dula de identidad.<br \/>\u2013 Factura de Pago.<\/p>\n<p>En caso de quedar admitido, la Universidad te exigir\u00e1 el Visado tipo TE (Transe\u00fante Estudiante)<\/p>\n<\/div>\n<div class=\"su-tabs-pane su-u-clearfix su-u-trim\" data-title=\"&lt;strong&gt;Aspirantes por Readmisi\u00f3n&lt;\/strong&gt;\"><\/h3>\n<p><em>(aquellos aspirantes que han estudiado con anterioridad en la UCAT y tienen asignado un n\u00famero de expediente acad\u00e9mico.)<\/em><\/p>\n<p style=\"text-align: justify\">En esta categor\u00eda quedan incluidos quienes soliciten estudiar carreras simult\u00e1neas, quienes provengan de un R\u00e9gimen de Repitencia (RR) y\/o los traslados internos en una misma Facultad o para otra Facultad, y los profesionales egresados de la UCAT)<\/p>\n<p>\u2013 Fotocopia de la C\u00e9dula de identidad.<br \/>\u2013 Factura de Pago.<\/p>\n<p><strong>Para la condici\u00f3n de carrera simult\u00e1nea en la UCAT, debes agregar:<\/strong><\/p>\n<p>-(1) Una Fotocopia de la autorizaci\u00f3n del Consejo Universitario si el aspirante cursa 2do, 3ero, o 4to a\u00f1o de una carrera larga y 2do a\u00f1o de una carrera corta y aspira inscribirse en una carrera de una Facultad diferente a la que est\u00e1 cursando actualmente. La condici\u00f3n de carrera simult\u00e1nea tiene a su vez la condici\u00f3n administrativa (inscripci\u00f3n y mensualidad) doble, o en su defecto.<\/p>\n<p>-(1) Una Fotocopia de la autorizaci\u00f3n del Consejo de Facultad si el aspirante cursa 2do, 3ero, o 4to a\u00f1o de una carrera larga y 2do a\u00f1o de una carrera corta y aspira inscribirse en una carrera que pertenece a la misma Facultad en la cual est\u00e1 estudiando. La condici\u00f3n de carrera simult\u00e1nea tiene a su vez la condici\u00f3n administrativa (inscripci\u00f3n y mensualidad) doble.<\/p>\n<\/div>\n<div class=\"su-tabs-pane su-u-clearfix su-u-trim\" data-title=\"&lt;strong&gt;Profesional Egresado de la UCAT&lt;\/strong&gt;\"><\/h3>\n<p><em>(aquellos aspirantes que han estudiado con anterioridad en la UCAT y tienen asignado un n\u00famero de expediente acad\u00e9mico.)<\/em><\/p>\n<p>\u2013 Fotocopia de la C\u00e9dula de identidad.<br \/>\u2013 Factura de Pago.<br \/>&#8211; Copia del T\u00edtulo Profesional.<\/p>\n<\/div><\/div><\/div>\n<div class=\"su-heading su-heading-style-default su-heading-align-center\" id=\"\" style=\"font-size:18px;margin-bottom:20px\"><div class=\"su-heading-inner\"><strong>CARRERAS QUE OFRECE LA FACULTAD DE CIENCIAS ECON\u00d3MICAS Y SOCIALES\u00a0\u00a0<\/strong><\/div><\/div>\n<p style=\"text-align: center\"><img loading=\"lazy\" class=\"aligncenter wp-image-10939\" src=\"https:\/\/www.ucat.edu.ve\/web\/wp-content\/uploads\/2023\/04\/ordenador-portatil-322x322.png\" alt=\"\" width=\"90\" height=\"90\" srcset=\"https:\/\/www.ucat.edu.ve\/web\/wp-content\/uploads\/2023\/04\/ordenador-portatil-322x322.png 322w, https:\/\/www.ucat.edu.ve\/web\/wp-content\/uploads\/2023\/04\/ordenador-portatil.png 512w\" sizes=\"(max-width: 90px) 100vw, 90px\" \/><\/p>\n<div class=\"su-tabs su-tabs-style-default su-tabs-mobile-stack\" data-active=\"1\" data-scroll-offset=\"0\" data-anchor-in-url=\"no\"><div class=\"su-tabs-nav\"><span class=\"\" data-url=\"\" data-target=\"blank\" tabindex=\"0\" role=\"button\">Contadur\u00eda P\u00fablica<\/span><span class=\"\" data-url=\"\" data-target=\"blank\" tabindex=\"0\" role=\"button\">Gerencia de Empresas<\/span><span class=\"\" data-url=\"\" data-target=\"blank\" tabindex=\"0\" role=\"button\">Gerencia de Recursos Humanos<\/span><span class=\"\" data-url=\"\" data-target=\"blank\" tabindex=\"0\" role=\"button\">Mercadeo<\/span><\/div><div class=\"su-tabs-panes\"><div class=\"su-tabs-pane su-u-clearfix su-u-trim\" data-title=\"Contadur\u00eda P\u00fablica\"><\/h3>\n<p><strong>T\u00edtulo que se otorga:<\/strong> Licenciado en Contadur\u00eda P\u00fablica.<br \/><strong>R\u00e9gimen de estudios:<\/strong> anual.<br \/><strong>Duraci\u00f3n:<\/strong> 5 a\u00f1os.<br \/><strong>Turno:<\/strong>\u00a0Matutino.<\/p>\n<p style=\"text-align: justify\"><strong>Perfil del egresado:<\/strong>\u00a0El egresado\/a como Licenciado\/a en Contadur\u00eda P\u00fablica, es un profesional capaz y competente para estudiar, analizar e investigar la pr\u00e1ctica de la contabilidad desde un punto de vista de problemas de contabilidad en los \u00e1mbitos personales, empresariales e institucionales de car\u00e1cter privado o gubernamental.\u00a0 Interviene en la elaboraci\u00f3n de pol\u00edticas presupuestarias, asesora en problemas financieros, de contabilidad administrativa y supervisa operaciones contables.\u00a0\u00a0El perfil profesional adquirido les permite desarrollar habilidades y competencias en su \u00e1rea de su conocimiento a partir de una formaci\u00f3n en valores humanistas que le permite reconocer y practicar los valores \u00e9ticos como verdaderos rectores de la vida y de la convivencia social, la honestidad, el respeto de los derechos de sus semejantes, la defensa del pluralismo, de la libertad, de la justicia y de la paz, como valores de convivencia social, a partir de una formaci\u00f3n en valores humanistas que le permite reconocer y practicar los valores \u00e9ticos como verdaderos rectores de la vida y de la convivencia social, la honestidad, el respeto de los derechos de sus semejantes, la defensa del pluralismo, de la libertad, de la justicia y de la paz, como valores de convivencia social.<\/p>\n<p><strong>Pensum:\u00a0<\/strong><a href=\"https:\/\/www.ucat.edu.ve\/web\/download\/facultades\/ciencias_economicas_y_sociales\/ciencias_econimicas_y_sociales\/plan_de_estudios_a.a._2024-2025\/Plan-de-Estudio-Contaduria-Publica.pdf\" target=\"_blank\" rel=\"noopener\">Descargar<\/a><\/p>\n<p>\u00a0<\/p>\n<\/div>\n<div class=\"su-tabs-pane su-u-clearfix su-u-trim\" data-title=\"Gerencia de Empresas\"><\/h3>\n<p><strong>T\u00edtulo que se otorga:<\/strong> Licenciado en Administraci\u00f3n, Menci\u00f3n Gerencia de Empresas.<br \/><strong>R\u00e9gimen de estudios:<\/strong> anual.<br \/><strong>Duraci\u00f3n:<\/strong> 5 a\u00f1os.<br \/><strong>Turno:<\/strong> Matutino.<\/p>\n<p style=\"text-align: justify\"><strong>Perfil del egresado:<\/strong>\u00a0El egresado\/a como Licenciado\/a en Administraci\u00f3n menci\u00f3n Gerencia de Empresas, es un profesional capaz y competente para estudiar, analizar e investigar la problem\u00e1tica general y espec\u00edfica en el \u00e1rea de las ciencias de la administraci\u00f3n gerencial. Es competente para entender el desenvolvimiento de la administraci\u00f3n o gerencia en la sociedad actual para la toma de decisiones, investigar\u00a0\u00a0y reflexionar sobre las necesidades de la misma, y est\u00e1 capacitado para ofrecer sus servicios profesionales de administrador y gerente, con responsabilidad social, en el ejercicio de la profesi\u00f3n, a partir de una formaci\u00f3n en valores humanistas que le permite reconocer y practicar los valores \u00e9ticos como verdaderos rectores de la vida y de la convivencia social, la honestidad, el respeto de los derechos de sus semejantes, la defensa del pluralismo, de la libertad, de la justicia y de la paz, como valores de convivencia social.<\/p>\n<p><strong>Pensum:\u00a0<\/strong><a href=\"https:\/\/www.ucat.edu.ve\/web\/download\/facultades\/ciencias_economicas_y_sociales\/ciencias_econimicas_y_sociales\/plan_de_estudios_a.a._2024-2025\/Plan-de-Estudio-Gerencia-de-Empresas.pdf\" target=\"_blank\" rel=\"noopener\">Descargar<\/a><\/p>\n<p>\u00a0<\/p>\n<\/div>\n<div class=\"su-tabs-pane su-u-clearfix su-u-trim\" data-title=\"Gerencia de Recursos Humanos\"><\/h3>\n<p><strong>T\u00edtulo que se otorga:<\/strong> Licenciado en Administraci\u00f3n, Menci\u00f3n Gerencia de Recursos Humanos.<br \/><strong>R\u00e9gimen de estudios:<\/strong> anual.<br \/><strong>Duraci\u00f3n:<\/strong> 5 a\u00f1os.<br \/><strong>Turno:<\/strong> Matutino.<\/p>\n<p style=\"text-align: justify\"><strong>Perfil del egresado:<\/strong>\u00a0El egresado\/a como Licenciado\/a en Administraci\u00f3n menci\u00f3n Gerencia de Recursos Humanos, es un profesional capaz y competente para estudiar, analizar e investigar en el \u00e1rea de la problem\u00e1tica y pr\u00e1ctica de la administraci\u00f3n desde el punto de vista del recurso humano.\u00a0\u00a0El perfil profesional adquirido les permite desarrollar habilidades y competencias en su \u00e1rea de conocimiento en el empleo de modelos te\u00f3ricos en las relaciones industriales y en lo relativo a la administraci\u00f3n de personal, contrataci\u00f3n colectiva, seguridad social, higiene y seguridad industrial, programas de reclutamiento, selecci\u00f3n y capacitaci\u00f3n tanto a nivel de asistencia como de coordinaci\u00f3n,\u00a0\u00a0a partir de una formaci\u00f3n en valores humanistas que le permite reconocer y practicar los valores \u00e9ticos como verdaderos rectores de la vida y de la convivencia social, la honestidad, el respeto de los derechos de sus semejantes, la defensa del pluralismo, de la libertad, de la justicia y de la paz, como valores de convivencia social.<\/p>\n<p><strong>Pensum:\u00a0<\/strong><a href=\"https:\/\/www.ucat.edu.ve\/web\/download\/facultades\/ciencias_economicas_y_sociales\/ciencias_econimicas_y_sociales\/plan_de_estudios_a.a._2024-2025\/Plan-de-Estudio-Recursos-Humanos.pdf\" target=\"_blank\" rel=\"noopener\">Descargar<\/a><\/p>\n<\/div>\n<div class=\"su-tabs-pane su-u-clearfix su-u-trim\" data-title=\"Mercadeo\"><\/h3>\n<p style=\"text-align: justify\"><strong>T\u00edtulo que se otorga:\u00a0<\/strong>Licenciado en Administraci\u00f3n, Menci\u00f3n Mercadeo.<br \/><strong>R\u00e9gimen de estudios:\u00a0<\/strong>anual.<br \/><strong>Duraci\u00f3n:\u00a0<\/strong>5 a\u00f1os.<br \/><strong>Turno:<\/strong> Matutino.<\/p>\n<p style=\"text-align: justify\"><strong>Perfil del egresado:<\/strong>\u00a0El egresado\/a como Licenciado\/a en Administraci\u00f3n menci\u00f3n Mercadeo, es un profesional capaz y competente para estudiar, analizar e investigar la problem\u00e1tica general y espec\u00edfica en el \u00e1rea del mercadeo. Es competente para entender e innovar en el desenvolvimiento de las operaciones y tecnolog\u00edas por las que ha de pasar una mercanc\u00eda del productor al consumidor, para la toma de decisiones en el mejoramiento de la productividad, investigar\u00a0\u00a0y reflexionar sobre los problemas econ\u00f3mico-mercantiles, y est\u00e1 capacitado para ofrecer sus servicios profesionales de administrador, con responsabilidad social, en el ejercicio de la profesi\u00f3n, a partir de una formaci\u00f3n en valores humanistas que le permite reconocer y practicar los valores \u00e9ticos como verdaderos rectores de la vida y de la convivencia social, la honestidad, el respeto de los derechos de sus semejantes, la defensa del pluralismo, de la libertad, de la justicia y de la paz, como valores de convivencia social.<\/p>\n<p style=\"text-align: justify\"><strong>Pensum:\u00a0<\/strong><a href=\"https:\/\/www.ucat.edu.ve\/web\/download\/facultades\/ciencias_economicas_y_sociales\/ciencias_econimicas_y_sociales\/plan_de_estudios_a.a._2024-2025\/Plan-de-Estudio-Mercadeo.pdf\" target=\"_blank\" rel=\"noopener\">Descargar<\/a><\/p>\n<p>\u00a0<\/p>\n<\/div><\/div><\/div>\n<div class=\"su-heading su-heading-style-default su-heading-align-center\" id=\"\" style=\"font-size:18px;margin-bottom:20px\"><div class=\"su-heading-inner\"><b>CARRERAS QUE OFRECE LA FACULTAD DE CIENCIAS JUR\u00cdDICAS\u00a0Y POL\u00cdTICAS\u00a0\u00a0<\/b><\/div><\/div>\n<p style=\"text-align: center\"><img loading=\"lazy\" class=\"aligncenter wp-image-10940\" src=\"https:\/\/www.ucat.edu.ve\/web\/wp-content\/uploads\/2023\/04\/obediente-322x322.png\" alt=\"\" width=\"90\" height=\"90\" srcset=\"https:\/\/www.ucat.edu.ve\/web\/wp-content\/uploads\/2023\/04\/obediente-322x322.png 322w, https:\/\/www.ucat.edu.ve\/web\/wp-content\/uploads\/2023\/04\/obediente.png 512w\" sizes=\"(max-width: 90px) 100vw, 90px\" \/><\/p>\n<div class=\"su-tabs su-tabs-style-default su-tabs-mobile-stack\" data-active=\"1\" data-scroll-offset=\"0\" data-anchor-in-url=\"no\"><div class=\"su-tabs-nav\"><span class=\"\" data-url=\"\" data-target=\"blank\" tabindex=\"0\" role=\"button\">Derecho<\/span><span class=\"\" data-url=\"\" data-target=\"blank\" tabindex=\"0\" role=\"button\">Ciencias Pol\u00edticas - Menci\u00f3n Pol\u00edtica Internacional  <\/span><span class=\"\" data-url=\"\" data-target=\"blank\" tabindex=\"0\" role=\"button\">Ciencias Pol\u00edticas - Menci\u00f3n Administraci\u00f3n y Gesti\u00f3n P\u00fablica<\/span><span class=\"\" data-url=\"\" data-target=\"blank\" tabindex=\"0\" role=\"button\">TSU en Ciencias Penales y Criminal\u00edstica<strong> <\/strong><\/span><\/div><div class=\"su-tabs-panes\"><div class=\"su-tabs-pane su-u-clearfix su-u-trim\" data-title=\"Derecho\"><\/h3>\n<p><strong>T\u00edtulo que se otorga:\u00a0<\/strong>Abogado.<br \/><strong>R\u00e9gimen\u00a0de estudios:\u00a0<\/strong>anual.<br \/><strong>Duraci\u00f3n:\u00a0<\/strong>5 a\u00f1os.<br \/><strong>Turno:<\/strong> Matutino.<\/p>\n<p style=\"text-align: justify\"><strong>Perfil del egresado:<\/strong>\u00a0El egresado\/a como abogado\/a, es un profesional capaz y competente para estudiar, analizar e investigar la problem\u00e1tica y pr\u00e1ctica del Derecho desde un punto de vista de articulados y cl\u00e1usulas legales dentro del sistema social.\u00a0\u00a0El perfil profesional adquirido les permite desarrollar habilidades y competencias en su \u00e1rea de conocimiento en el empleo de modelos te\u00f3ricos para el an\u00e1lisis de fen\u00f3menos jur\u00eddicos nacionales e internacionales, en diversos contextos geogr\u00e1ficos e hist\u00f3ricos con base a un pensamiento cr\u00edtico, haciendo valer los derechos de las personas consideradas individual o colectivamente, a partir de una formaci\u00f3n en valores humanistas que le permite reconocer y practicar los valores \u00e9ticos como verdaderos rectores de la vida y de la convivencia social, la honestidad, el respeto de los derechos de sus semejantes, la defensa del pluralismo, de la libertad, de la justicia y de la paz, como valores de convivencia social.<\/p>\n<p><strong>Pensum:\u00a0<\/strong><a href=\"https:\/\/www.ucat.edu.ve\/web\/wp-content\/uploads\/2024\/09\/PLAN-DE-ESTUDIOS-DERECHO-A.A.-2024-2025.pdf\" target=\"_blank\" rel=\"noopener\">Descargar<\/a><\/p>\n<p>\u00a0<\/p>\n<\/div>\n<div class=\"su-tabs-pane su-u-clearfix su-u-trim\" data-title=\"Ciencias Pol\u00edticas - Menci\u00f3n Pol\u00edtica Internacional  \"><\/h3>\n<p><strong>T\u00edtulo que se otorga:\u00a0<\/strong>Licenciado en Ciencias Pol\u00edticas,\u00a0\u00a0Menci\u00f3n Pol\u00edtica Internacional<br \/><strong>R\u00e9gimen\u00a0de estudios:\u00a0<\/strong>anual.<br \/><strong>Duraci\u00f3n:\u00a0<\/strong>5 a\u00f1os.<br \/><strong>Turno:<\/strong> Matutino.<\/p>\n<p style=\"text-align: justify\"><strong>Perfil del egresado:<\/strong>\u00a0El egresado como Licenciado\/a en Ciencias Pol\u00edticas, menci\u00f3n Pol\u00edtica Internacional, es un profesional capaz y competente para estudiar, analizar e investigar la problem\u00e1tica del Estado desde el punto de vista de las ciencias pol\u00edticas en la administraci\u00f3n y gesti\u00f3n de asuntos internacionales, considerando para ello la gran variedad de factores que influyen sobre los problemas internacionales.\u00a0\u00a0El perfil profesional adquirido les permite desarrollar habilidades y competencias en su \u00e1rea de conocimiento en el empleo de modelos te\u00f3ricos para el an\u00e1lisis de fen\u00f3menos pol\u00edticos internacionales, en diversos contextos geogr\u00e1ficos e hist\u00f3ricos con base a un pensamiento cr\u00edtico, en la aplicaci\u00f3n de herramientas metodol\u00f3gicas y t\u00e9cnicas para el dise\u00f1o, implementaci\u00f3n y evaluaci\u00f3n de pol\u00edticas p\u00fablicas en un contexto internacional; desarrollar propuestas para manejar y resolver conflictos, desde una perspectiva pol\u00edtica y normativa; exponer una conciencia ciudadana y un conocimiento multidisciplinario suficiente para generar pol\u00edticas asociadas al desarrollo sostenible de la sociedad; liderar y participar eficientemente en equipos de trabajo multidisciplinarios en el desarrollo de propuestas viables para atender problem\u00e1ticas; dise\u00f1ar proyectos de consultor\u00eda para los sectores gubernamental, empresarial y\/o social con el fin de resolver una problem\u00e1tica internacional definida, as\u00ed como de an\u00e1lisis e instrumentaci\u00f3n de pol\u00edticas p\u00fablicas, en los que demostrar\u00e1 sus habilidades de comunicaci\u00f3n, a partir de una formaci\u00f3n en valores humanistas que le permite reconocer y practicar los valores \u00e9ticos como verdaderos rectores de la vida y de la convivencia social, la honestidad, el respeto de los derechos de sus semejantes, la defensa del pluralismo, de la libertad, de la justicia y de la paz, como valores de convivencia social.<\/p>\n<p><strong>Pensum:\u00a0<\/strong><a href=\"http:\/\/www.ucat.edu.ve\/preinscripciones\/pensum\/Politica-Internacional.pdf\">Descargar<\/a><\/p>\n<p>\u00a0<\/p>\n<\/div>\n<div class=\"su-tabs-pane su-u-clearfix su-u-trim\" data-title=\"Ciencias Pol\u00edticas - Menci\u00f3n Administraci\u00f3n y Gesti\u00f3n P\u00fablica\"><\/h3>\n<p><strong>T\u00edtulo que se otorga:<\/strong> Licenciatura en Ciencias Pol\u00edticas, Menci\u00f3n Administraci\u00f3n y Gesti\u00f3n P\u00fablica<br \/><strong>R\u00e9gimen de estudios:<\/strong>\u00a0anual.<br \/><strong>Duraci\u00f3n:<\/strong>\u00a05 a\u00f1os.<br \/><strong>Turno:<\/strong> Matutino.<\/p>\n<p style=\"text-align: justify\"><strong>Perfil del egresado:<\/strong>\u00a0El egresado como Licenciado en Ciencias Pol\u00edticas, menci\u00f3n Administraci\u00f3n y Gesti\u00f3n P\u00fablica, es un profesional capaz y competente para estudiar, analizar e investigar la problem\u00e1tica del Estado desde el punto de vista de la administraci\u00f3n y de la gesti\u00f3n p\u00fablica a trav\u00e9s de los diferentes organismos del Estado, considerando para ello la gran variedad de factores que influyen sobre los problemas p\u00fablicos.\u00a0\u00a0El perfil profesional adquirido les permite desarrollar habilidades y competencias en su \u00e1rea de conocimiento en el empleo de modelos te\u00f3ricos para el an\u00e1lisis de fen\u00f3menos pol\u00edticos, en diversos contextos geogr\u00e1ficos e hist\u00f3ricos con base a un pensamiento cr\u00edtico; aplicar herramientas metodol\u00f3gicas y t\u00e9cnicas para el dise\u00f1o, implementaci\u00f3n y evaluaci\u00f3n de pol\u00edticas p\u00fablicas; dise\u00f1ar e implementar proyectos de consultor\u00eda pol\u00edtica nacional e internacional; desarrollar propuestas para manejar y resolver conflictos, desde una perspectiva pol\u00edtica y normativa; exponer una conciencia ciudadana y un conocimiento multidisciplinario suficiente para generar pol\u00edticas asociadas al desarrollo sostenible de la sociedad; liderar y participar eficientemente en equipos de trabajo multidisciplinarios en el desarrollo de propuestas viables para atender problem\u00e1ticas sociales en los espacios p\u00fablico, privado de la sociedad civil; dise\u00f1ar proyectos de consultor\u00eda para los sectores gubernamental, empresarial y\/o social con el fin de resolver una problem\u00e1tica definida, as\u00ed como de an\u00e1lisis e instrumentaci\u00f3n de pol\u00edticas p\u00fablicas, en los que demostrar\u00e1 sus habilidades de comunicaci\u00f3n, a partir de una formaci\u00f3n en valores humanistas que le permite reconocer y practicar los valores \u00e9ticos como verdaderos rectores de la vida y de la convivencia social, la honestidad, el respeto de los derechos de sus semejantes, la defensa del pluralismo, de la libertad, de la justicia y de la paz, como valores de convivencia social.<\/p>\n<p><strong>Pensum:\u00a0<\/strong><a href=\"http:\/\/www.ucat.edu.ve\/preinscripciones\/pensum\/Administracion-Gestion-Publica.pdf\">Descargar<\/a><\/p>\n<p>\u00a0<\/p>\n<\/div>\n<div class=\"su-tabs-pane su-u-clearfix su-u-trim\" data-title=\"TSU en Ciencias Penales y Criminal\u00edstica&lt;strong&gt; &lt;\/strong&gt;\"><\/h3>\n<p style=\"text-align: justify\"><strong>T\u00edtulo que se otorga:\u00a0<\/strong>TSU\u00a0 en Ciencias Penales y Criminal\u00edstica.<br \/><strong>R\u00e9gimen\u00a0de estudios:\u00a0<\/strong>anual.<br \/><strong>Duraci\u00f3n:\u00a0<\/strong>3 a\u00f1os.<br \/><strong>Turno:<\/strong> Matutino.<\/p>\n<p style=\"text-align: justify\"><strong>Perfil del egresado:<\/strong>\u00a0El egresado\/a como T\u00e9cnico Superior Universitario en Ciencias Penales y Criminal\u00edstica, es un profesional t\u00e9cnico capaz y competente para estudiar, analizar e investigar la problem\u00e1tica general y espec\u00edfica en la articulaci\u00f3n de las \u00e1reas penales y criminal\u00edsticas. Es competente para entender e innovar en el desenvolvimiento de las operaciones de investigaci\u00f3n t\u00e9cnico-policial, organizando, coordinando y supervisando grupos a su cargo, a partir de una formaci\u00f3n en valores humanistas que le permite reconocer y practicar los valores \u00e9ticos como verdaderos rectores de la vida y de la convivencia social, la honestidad, el respeto de los derechos de sus semejantes, la defensa del pluralismo, de la libertad, de la justicia y de la paz, como valores de convivencia social.<\/p>\n<p style=\"text-align: justify\"><strong>Pensum:\u00a0<\/strong><a href=\"http:\/\/www.ucat.edu.ve\/preinscripciones\/pensum\/TSU.pdf\">Descargar<\/a><\/p>\n<p>\u00a0<\/p>\n<\/div><\/div><\/div>\n<h3><div class=\"su-heading su-heading-style-default su-heading-align-center\" id=\"\" style=\"font-size:18px;margin-bottom:20px\"><div class=\"su-heading-inner\"><strong><span style=\"color: #000000\">CARRERAS QUE OFRECE LA FACULTAD DE HUMANIDADES Y EDUCACI\u00d3N\u00a0<\/span>\u00a0<\/strong><\/div><\/div><\/h3>\n<p style=\"text-align: center\"><img loading=\"lazy\" class=\"aligncenter wp-image-10942\" src=\"https:\/\/www.ucat.edu.ve\/web\/wp-content\/uploads\/2023\/04\/biologia-322x322.png\" alt=\"\" width=\"90\" height=\"90\" srcset=\"https:\/\/www.ucat.edu.ve\/web\/wp-content\/uploads\/2023\/04\/biologia-322x322.png 322w, https:\/\/www.ucat.edu.ve\/web\/wp-content\/uploads\/2023\/04\/biologia.png 512w\" sizes=\"(max-width: 90px) 100vw, 90px\" \/><\/p>\n<div class=\"su-tabs su-tabs-style-default su-tabs-mobile-stack\" data-active=\"1\" data-scroll-offset=\"0\" data-anchor-in-url=\"no\"><div class=\"su-tabs-nav\"><span class=\"\" data-url=\"\" data-target=\"blank\" tabindex=\"0\" role=\"button\">Psicolog\u00eda<\/span><span class=\"\" data-url=\"\" data-target=\"blank\" tabindex=\"0\" role=\"button\">Biolog\u00eda y Qu\u00edmica<\/span><span class=\"\" data-url=\"\" data-target=\"blank\" tabindex=\"0\" role=\"button\">Ciencias Sociales<\/span><span class=\"\" data-url=\"\" data-target=\"blank\" tabindex=\"0\" role=\"button\">F\u00edsica y Matem\u00e1tica<\/span><span class=\"\" data-url=\"\" data-target=\"blank\" tabindex=\"0\" role=\"button\">Inform\u00e1tica<\/span><span class=\"\" data-url=\"\" data-target=\"blank\" tabindex=\"0\" role=\"button\">Castellano y Literatura<\/span><span class=\"\" data-url=\"\" data-target=\"blank\" tabindex=\"0\" role=\"button\">Inform\u00e1tica y Matem\u00e1tica<\/span><span class=\"\" data-url=\"\" data-target=\"blank\" tabindex=\"0\" role=\"button\">Integral<\/span><\/div><div class=\"su-tabs-panes\"><div class=\"su-tabs-pane su-u-clearfix su-u-trim\" data-title=\"Psicolog\u00eda\"><\/h3>\n<p><strong>T\u00edtulo que se otorga: <\/strong>Licenciado en Psicolog\u00eda.<br \/><strong>R\u00e9gimen de estudios: <\/strong>Semestral.<br \/><strong>Duraci\u00f3n: <\/strong>10 semestres.<br \/><strong>Turno: <\/strong>Matutino y Vespertino.<\/p>\n<p style=\"text-align: justify\"><strong>Perfil del egresado:<\/strong> Como Licenciado en Psicolog\u00eda, dispondr\u00e1 de una formaci\u00f3n cient\u00edfica, de las capacidades t\u00e9cnicas y cl\u00ednicas necesarias para la descripci\u00f3n, explicaci\u00f3n, predicci\u00f3n, resoluci\u00f3n de problemas psicol\u00f3gicos en los diversos \u00e1mbitos de lo individual, grupal, organizacional, comunitario, como en cualquier otro que, generado por la din\u00e1mica social en interacci\u00f3n con los avances de las ciencias del comportamiento, exija de su intervenci\u00f3n; tanto en la prevenci\u00f3n como en la optimizaci\u00f3n de los recursos personales y sociales.<\/p>\n<p><strong>Pensum:\u00a0<\/strong><a href=\"https:\/\/www.ucat.edu.ve\/web\/download\/facultades\/humanidades_y_educacion\/humanidades_y_educacion\/pensum_de_estudios\/Pensum-Licenciatura-de-Psicologia.pdf\" target=\"_blank\" rel=\"noopener\">Descargar<\/a><\/p>\n<p style=\"text-align: justify\"><strong><span style=\"color: #ff0000\">Los aspirantes a cursar estudios en la carrera de Licenciatura en Psicolog\u00eda, deber\u00e1n presentar como requisito de admisi\u00f3n, en la oportunidad que la Universidad indicar\u00e1, una prueba de aptitud psicol\u00f3gica.<\/span><\/strong><\/p>\n<p style=\"text-align: justify\"><span style=\"color: #ff0000\"><strong>Considere que, en la carrera de Licenciatura en Psicolog\u00eda, se abrir\u00e1 el turno por el que hayan optado el mayor n\u00famero de aspirantes durante las preinscripciones.<\/strong><\/span><\/p>\n<\/div>\n<div class=\"su-tabs-pane su-u-clearfix su-u-trim\" data-title=\"Biolog\u00eda y Qu\u00edmica\"><\/h3>\n<p><strong>T\u00edtulo que se otorga:\u00a0<\/strong>Licenciado en Educaci\u00f3n, Menci\u00f3n Biolog\u00eda y Qu\u00edmica.<br \/><strong>R\u00e9gimen\u00a0de estudios:\u00a0<\/strong>anual.<br \/><strong>Duraci\u00f3n:\u00a0<\/strong>5 a\u00f1os.<br \/><strong>Turno:<\/strong>\u00a0Vespertino.<\/p>\n<p style=\"text-align: justify\"><strong>Perfil del egresado:<\/strong>\u00a0El egresado como Licenciado\/a en Educaci\u00f3n, menci\u00f3n Biolog\u00eda y Qu\u00edmica, es un profesional capaz y competente para estudiar, analizar e investigar la problem\u00e1tica educativa desde un punto de vista individual y social, considerando para ello la gran variedad de factores que influyen sobre el proceso Educativo, desde las \u00e1reas del conocimiento de la biolog\u00eda y la qu\u00edmica.\u00a0 Tiene capacidad para realizar tareas docentes, de investigaci\u00f3n y extensi\u00f3n en el ciclo de estudios b\u00e1sicos o generales y de la educaci\u00f3n universitaria; tiene posibilidades de acrecentar el nivel motivacional del estudiante para el aprendizaje de las ciencias biol\u00f3gicas y qu\u00edmicas, para relacionarlas con otras disciplinas que exigen su aplicaci\u00f3n; conoce los diferentes m\u00e9todos que apoyan el acto docente mediante la planificaci\u00f3n, dise\u00f1o, producci\u00f3n de medios y materiales instruccionales, tanto para la ense\u00f1anza presencial como para la individualizada a distancia, a partir de una formaci\u00f3n en valores humanistas que le permite reconocer y practicar los valores \u00e9ticos como verdaderos rectores de la vida y de la convivencia social, la honestidad, el respeto de los derechos de sus semejantes, la defensa del pluralismo, de la libertad, de la justicia y de la paz, como valores de convivencia social.<\/p>\n<p><strong>Pensum:\u00a0<\/strong><a href=\"http:\/\/www.ucat.edu.ve\/web\/wp-content\/uploads\/2018\/05\/Pensum-Biologia-Quimica.pdf\">Descargar<\/a><\/p>\n<p><strong>Malla Curricular:\u00a0<\/strong><a href=\"http:\/\/www.ucat.edu.ve\/web\/wp-content\/uploads\/2018\/05\/MALLA-CURRICULAR-BIOLOG\u00cdA-Y-QU\u00cdMICA.pdf\">Descargar<\/a><\/p>\n<\/div>\n<div class=\"su-tabs-pane su-u-clearfix su-u-trim\" data-title=\"Ciencias Sociales\"><\/h3>\n<p><strong>T\u00edtulo que se otorga:\u00a0<\/strong>Licenciado en Educaci\u00f3n, Menci\u00f3n\u00a0Ciencias Sociales.<br \/><strong>R\u00e9gimen\u00a0de estudios:\u00a0<\/strong>anual.<br \/><strong>Duraci\u00f3n:\u00a0<\/strong>5 a\u00f1os.<br \/><strong>Turno:<\/strong> Vespertino.<\/p>\n<p style=\"text-align: justify\"><strong>Perfil del egresado:<\/strong>\u00a0El egresado como Licenciado\/a en Educaci\u00f3n, menci\u00f3n Ciencias Sociales, es un profesional capaz y competente para estudiar, analizar e investigar la problem\u00e1tica educativa desde un punto de vista individual y social, considerando para ello la gran variedad de factores que influyen sobre el proceso Educativo, desde la articulaci\u00f3n de las \u00e1reas del conocimiento de la historia y la geograf\u00eda.\u00a0 Tiene capacidad para realizar tareas docentes, de investigaci\u00f3n y extensi\u00f3n en el ciclo de estudios b\u00e1sicos o generales y de la educaci\u00f3n universitaria; tiene posibilidades de acrecentar el nivel motivacional del estudiante para el aprendizaje de las ciencias sociales, para relacionarlas con otras disciplinas que exigen su aplicaci\u00f3n; conoce los diferentes m\u00e9todos que apoyan el acto docente mediante la planificaci\u00f3n, dise\u00f1o, producci\u00f3n de medios y materiales instruccionales, tanto para la ense\u00f1anza presencial como para la individualizada a distancia, a partir de una formaci\u00f3n en valores humanistas que le permite reconocer y practicar los valores \u00e9ticos como verdaderos rectores de la vida y de la convivencia social, la honestidad, el respeto de los derechos de sus semejantes, la defensa del pluralismo, de la libertad, de la justicia y de la paz, como valores de convivencia social.<\/p>\n<p><strong>Pensum:\u00a0<\/strong><a href=\"http:\/\/www.ucat.edu.ve\/web\/wp-content\/uploads\/2018\/05\/Pensum-Ciencias-Sociales.pdf\">Descargar<\/a><\/p>\n<p><strong>Malla Curricular:\u00a0<\/strong><a href=\"http:\/\/www.ucat.edu.ve\/web\/wp-content\/uploads\/2018\/05\/MALLA-CURRICULAR-CIENCIAS-SOCIALES.pdf\">Descargar<\/a><\/p>\n<\/div>\n<div class=\"su-tabs-pane su-u-clearfix su-u-trim\" data-title=\"F\u00edsica y Matem\u00e1tica\"><\/h3>\n<p style=\"text-align: justify\"><strong>T\u00edtulo que se otorga:\u00a0<\/strong>Licenciado en Educaci\u00f3n, Menci\u00f3n F\u00edsica y Matem\u00e1tica.<br \/><strong>R\u00e9gimen\u00a0de estudios:\u00a0<\/strong>anual.<br \/><strong>Duraci\u00f3n:\u00a0<\/strong>5 a\u00f1os.<br \/><strong>Turno:<\/strong> Vespertino.<\/p>\n<p style=\"text-align: justify\"><strong>Perfil del egresado:<\/strong>\u00a0El egresado como Licenciado\/a en Educaci\u00f3n, menci\u00f3n F\u00edsica y Matem\u00e1tica, es un profesional capaz y competente para estudiar, analizar e investigar la problem\u00e1tica educativa desde un punto de vista individual y social, considerando para ello la gran variedad de factores que influyen sobre el proceso Educativo, desde las \u00e1reas del conocimiento de la f\u00edsica y la matem\u00e1tica.\u00a0 Tiene capacidad para realizar tareas docentes, de investigaci\u00f3n y extensi\u00f3n en el ciclo de estudios b\u00e1sicos o generales y de la educaci\u00f3n universitaria; tiene posibilidades de acrecentar el nivel motivacional del estudiante para el aprendizaje de la f\u00edsica y la matem\u00e1tica, para relacionarlas con otras disciplinas que exigen su aplicaci\u00f3n; conoce los diferentes lenguajes de programaci\u00f3n que apoyan el acto docente mediante la planificaci\u00f3n, dise\u00f1o, producci\u00f3n de medios y materiales instruccionales, tanto para la ense\u00f1anza presencial como para la individualizada a distancia, a partir de una formaci\u00f3n en valores humanistas que le permite reconocer y practicar los valores \u00e9ticos como verdaderos rectores de la vida y de la convivencia social, la honestidad, el respeto de los derechos de sus semejantes, la defensa del pluralismo, de la libertad, de la justicia y de la paz, como valores de convivencia social.<\/p>\n<p style=\"text-align: justify\"><strong>Pensum:\u00a0<\/strong><a href=\"http:\/\/www.ucat.edu.ve\/web\/wp-content\/uploads\/2018\/05\/pensum-f\u00edsica-y-matem\u00e1tica.pdf\">Descargar<\/a><\/p>\n<p style=\"text-align: justify\"><strong>Malla Curricular:\u00a0<\/strong><a href=\"http:\/\/www.ucat.edu.ve\/web\/wp-content\/uploads\/2018\/05\/MALLA-CURRICULAR-FISICA-Y-MATEMATICA.pdf\">Descargar<\/a><\/p>\n<\/div>\n<div class=\"su-tabs-pane su-u-clearfix su-u-trim\" data-title=\"Inform\u00e1tica\"><\/h3>\n<p style=\"text-align: justify\"><strong>T\u00edtulo que se otorga:\u00a0<\/strong>Licenciado en Educaci\u00f3n, Menci\u00f3n\u00a0Inform\u00e1tica.<br \/><strong>R\u00e9gimen\u00a0de estudios:\u00a0<\/strong>anual.<br \/><strong>Duraci\u00f3n:\u00a0<\/strong>5 a\u00f1os.<br \/><strong>Turno:<\/strong> Vespertino.<\/p>\n<p style=\"text-align: justify\"><strong>Perfil del egresado:<\/strong>\u00a0El egresado como Licenciado\/a en Educaci\u00f3n, menci\u00f3n Inform\u00e1tica, es un profesional capaz y competente para estudiar, analizar e investigar la problem\u00e1tica educativa desde un punto de vista individual y social, considerando para ello la gran variedad de factores que influyen sobre el proceso Educativo, desde las \u00e1reas del conocimiento de la inform\u00e1tica y la matem\u00e1tica.\u00a0 Tiene capacidad para realizar tareas docentes, de investigaci\u00f3n y extensi\u00f3n en el ciclo de estudios b\u00e1sicos o generales y de la educaci\u00f3n universitaria; tiene posibilidades de acrecentar el nivel motivacional del estudiante para el aprendizaje de la inform\u00e1tica, para relacionarlas con otras disciplinas que exigen su aplicaci\u00f3n; conoce los diferentes lenguajes de programaci\u00f3n que apoyan el acto docente mediante la planificaci\u00f3n, dise\u00f1o, producci\u00f3n de medios y materiales instruccionales, tanto para la ense\u00f1anza presencial como para la individualizada a distancia, a partir de una formaci\u00f3n en valores humanistas que le permite reconocer y practicar los valores \u00e9ticos como verdaderos rectores de la vida y de la convivencia social, la honestidad, el respeto de los derechos de sus semejantes, la defensa del pluralismo, de la libertad, de la justicia y de la paz, como valores de convivencia social.<\/p>\n<p style=\"text-align: justify\"><strong>Pensum:\u00a0<\/strong><a href=\"http:\/\/www.ucat.edu.ve\/web\/wp-content\/uploads\/2018\/05\/Pensum-Inform\u00e1tica.pdf\">Descargar<\/a><\/p>\n<p style=\"text-align: justify\"><strong>Malla Curricular:\u00a0<\/strong><a href=\"http:\/\/www.ucat.edu.ve\/web\/wp-content\/uploads\/2017\/06\/MALLA-CURRICULAR-INFORM\u00c1TICA.pdf\">Descargar<\/a><\/p>\n<\/div>\n<div class=\"su-tabs-pane su-u-clearfix su-u-trim\" data-title=\"Castellano y Literatura\"><\/h3>\n<p><strong>T\u00edtulo que se otorga:<\/strong> Licenciado en Educaci\u00f3n, Menci\u00f3n Castellano y Literatura.<br \/><strong>R\u00e9gimen de estudios:<\/strong> anual.<br \/><strong>Duraci\u00f3n:<\/strong> 5 a\u00f1os.<br \/><strong>Turno:<\/strong>\u00a0Vespertino.<\/p>\n<p style=\"text-align: justify\">Perfil del egresado: El egresado como Licenciado\/a en Educaci\u00f3n, menci\u00f3n Castellano y Literatura, es un profesional capaz y competente para estudiar, analizar e investigar la problem\u00e1tica educativa desde un punto de vista individual y social, considerando para ello la gran variedad de factores que influyen sobre el proceso educativo, desde las \u00e1reas del conocimiento de la lengua materna y la creaci\u00f3n literaria. Tiene capacidad para realizar tareas docentes, de investigaci\u00f3n y extensi\u00f3n en el ciclo de estudios b\u00e1sicos o generales y de la educaci\u00f3n universitaria; tiene posibilidades de acrecentar el nivel motivacional del estudiante para el aprendizaje de la inform\u00e1tica, para relacionarlas con otras disciplinas que exigen su aplicaci\u00f3n; conoce los diferentes m\u00e9todos ling\u00fc\u00edsticos y filol\u00f3gicos que apoyan el acto docente mediante la planificaci\u00f3n, dise\u00f1o, producci\u00f3n de medios y materiales instruccionales, tanto para la ense\u00f1anza presencial como para la individualizada a distancia, a partir de una formaci\u00f3n en valores humanistas que le permite reconocer y practicar los valores \u00e9ticos como verdaderos rectores de la vida y de la convivencia social, la honestidad, el respeto de los derechos de sus semejantes, la defensa del pluralismo, de la libertad, de la justicia y de la paz, como valores de convivencia social.<\/p>\n<p>Pensum: <a href=\"http:\/\/www.ucat.edu.ve\/preinscripciones\/pensum\/Castellano-Literatura.pdf\">Descargar<\/a><\/p>\n<p>Malla Curricular: Descargar<\/p>\n<\/div>\n<div class=\"su-tabs-pane su-u-clearfix su-u-trim\" data-title=\"Inform\u00e1tica y Matem\u00e1tica\"><\/h3>\n<p style=\"text-align: justify\"><strong>T\u00edtulo que se otorga:\u00a0<\/strong>Licenciado en Educaci\u00f3n, Menci\u00f3n\u00a0Inform\u00e1tica y\u00a0Matem\u00e1tica.<br \/><strong>R\u00e9gimen\u00a0de estudios:\u00a0<\/strong>anual.<br \/><strong>Duraci\u00f3n:\u00a0<\/strong>5 a\u00f1os.<br \/><strong>Turno:<\/strong> Vespertino.<\/p>\n<p style=\"text-align: justify\"><strong>Perfil del egresado:<\/strong>\u00a0El egresado como Licenciado\/a en Educaci\u00f3n, menci\u00f3n Inform\u00e1tica y Matem\u00e1tica, es un profesional capaz y competente para estudiar, analizar e investigar la problem\u00e1tica educativa desde un punto de vista individual y social, considerando para ello la gran variedad de factores que influyen sobre el proceso Educativo, desde las \u00e1reas del conocimiento de la inform\u00e1tica y la matem\u00e1tica.\u00a0 Tiene capacidad para realizar tareas docentes, de investigaci\u00f3n y extensi\u00f3n en el ciclo de estudios b\u00e1sicos o generales y de la educaci\u00f3n universitaria; tiene posibilidades de acrecentar el nivel motivacional del estudiante para el aprendizaje de la inform\u00e1tica y la matem\u00e1tica, para relacionarlas con otras disciplinas que exigen su aplicaci\u00f3n; conoce los diferentes lenguajes de programaci\u00f3n que apoyan el acto docente mediante la planificaci\u00f3n, dise\u00f1o, producci\u00f3n de medios y materiales instruccionales, tanto para la ense\u00f1anza presencial como para la individualizada a distancia, a partir de una formaci\u00f3n en valores humanistas que le permite reconocer y practicar los valores \u00e9ticos como verdaderos rectores de la vida y de la convivencia social, la honestidad, el respeto de los derechos de sus semejantes, la defensa del pluralismo, de la libertad, de la justicia y de la paz, como valores de convivencia social.<\/p>\n<p style=\"text-align: justify\"><strong>Pensum:\u00a0<\/strong><a href=\"http:\/\/www.ucat.edu.ve\/preinscripciones\/pensum\/Informatica-Matematica.pdf\">Descargar<\/a><\/p>\n<p style=\"text-align: justify\"><strong>Malla Curricular:\u00a0<\/strong><a href=\"http:\/\/www.ucat.edu.ve\/web\/wp-content\/uploads\/2017\/06\/MALLA-CURRICULAR-INFORM\u00c1TICA-Y-MATEM\u00c1TICA.pdf\">Descargar<\/a><\/p>\n<\/div>\n<div class=\"su-tabs-pane su-u-clearfix su-u-trim\" data-title=\"Integral\"><\/h3>\n<p style=\"text-align: justify\"><strong>T\u00edtulo que se otorga:\u00a0<\/strong>Licenciado en Educaci\u00f3n\u00a0Integral.<br \/><strong>R\u00e9gimen\u00a0de estudios:\u00a0<\/strong>anual.<br \/><strong>Duraci\u00f3n:\u00a0<\/strong>5 a\u00f1os.<br \/><strong>Turno:<\/strong> Vespertino.<\/p>\n<p style=\"text-align: justify\"><strong>Perfil del egresado:<\/strong>\u00a0El egresado\/a como Licenciado\/a en Educaci\u00f3n menci\u00f3n Integral, es un profesional capaz y competente para estudiar, analizar e investigar en el \u00e1rea de las ciencias educativa y en las disciplinas de los niveles de educaci\u00f3n inicial y b\u00e1sica, articulados fundamentalmente en lo te\u00f3rico-pr\u00e1ctico, para ejercer la docencia en el proceso de integraci\u00f3n del conocimiento, fisiolog\u00eda, habilidades y destrezas de los educandos, en lo socioeducativo, desde lo local, nacional, latinoamericano y mundial, como procedimiento conveniente a la comprensi\u00f3n global de la realidad social y de los cambios que se exigen en el presente, El egresado\/a como Licenciado\/a en Administraci\u00f3n menci\u00f3n Finanzas, es un profesional capaz y competente para estudiar, analizar e investigar, a partir de una formaci\u00f3n en valores humanistas que le permite reconocer y practicar los valores \u00e9ticos como verdaderos rectores de la vida y de la convivencia social, la honestidad, el respeto de los derechos de sus semejantes, la defensa del pluralismo, de la libertad, de la justicia y de la paz, como valores de convivencia social.<\/p>\n<p style=\"text-align: justify\"><strong>Pensum:\u00a0<\/strong><a href=\"http:\/\/www.ucat.edu.ve\/preinscripciones\/pensum\/Integral.pdf\">Descargar<\/a><\/p>\n<p style=\"text-align: justify\"><strong>Malla Curricular:\u00a0<\/strong><a href=\"http:\/\/www.ucat.edu.ve\/web\/wp-content\/uploads\/2018\/05\/MALLA-CURRICULAR-INTEGRAL.pdf\">Descargar<\/a><\/p>\n<\/div><\/div><\/div>\n<div class=\"su-heading su-heading-style-default su-heading-align-center\" id=\"\" style=\"font-size:18px;margin-bottom:20px\"><div class=\"su-heading-inner\"><strong>\u00a0 SI ELIGES ESTUDIAR EN LA UCAT, TE GUSTARIA SABER QUE<\/strong><\/div><\/div>\n<p style=\"text-align: center\"><img loading=\"lazy\" class=\"aligncenter wp-image-10943\" src=\"https:\/\/www.ucat.edu.ve\/web\/wp-content\/uploads\/2023\/04\/graduacion-322x322.png\" alt=\"\" width=\"90\" height=\"90\" srcset=\"https:\/\/www.ucat.edu.ve\/web\/wp-content\/uploads\/2023\/04\/graduacion-322x322.png 322w, https:\/\/www.ucat.edu.ve\/web\/wp-content\/uploads\/2023\/04\/graduacion.png 512w\" sizes=\"(max-width: 90px) 100vw, 90px\" \/><\/p>\n<p style=\"text-align: justify\">La Universidad Cat\u00f3lica del T\u00e1chira, fue la primera instituci\u00f3n que ofreci\u00f3 educaci\u00f3n universitaria en este Estado, para formar profesionales de alto prestigio y exitosos en las distintas carreras que imparte. Creada en 1962 y reconocida por la Santa Sede, pertenece a la Di\u00f3cesis de San Crist\u00f3bal y est\u00e1 confiada al cuidado e inspiraci\u00f3n de la Compa\u00f1\u00eda de Jes\u00fas, lo que permite integrarse a una gran familia de universidades a lo largo de Am\u00e9rica latina y el mundo entero.<\/p>\n<div class=\"su-heading su-heading-style-default su-heading-align-center\" id=\"\" style=\"font-size:18px;margin-bottom:20px\"><div class=\"su-heading-inner\"><strong>\u00a0 SERVICIOS Y PROGRAMAS QUE OFRECE <\/strong><\/div><\/div>\n<p style=\"text-align: center\"><img loading=\"lazy\" class=\"aligncenter wp-image-10945\" src=\"https:\/\/www.ucat.edu.ve\/web\/wp-content\/uploads\/2023\/04\/lluvia-de-ideas-322x322.png\" alt=\"\" width=\"90\" height=\"90\" srcset=\"https:\/\/www.ucat.edu.ve\/web\/wp-content\/uploads\/2023\/04\/lluvia-de-ideas-322x322.png 322w, https:\/\/www.ucat.edu.ve\/web\/wp-content\/uploads\/2023\/04\/lluvia-de-ideas.png 512w\" sizes=\"(max-width: 90px) 100vw, 90px\" \/><\/p>\n<p style=\"text-align: justify\">Adem\u00e1s de la excelente formaci\u00f3n acad\u00e9mica que reciben, pueden nuestros estudiantes disfrutar de sedes c\u00f3modas y funcionales, as\u00ed como de unas extraordinarias instalaciones deportivas, formaci\u00f3n permanente a trav\u00e9s de Educaci\u00f3n Continua, integrarse a programas de intercambio estudiantil con universidades hermanas de Am\u00e9rica Latina, usar unos bien equipados laboratorios de computaci\u00f3n y las bibliotecas. Igualmente, participar de actividades como Liderazgo Universitario, Doctor Yaso \u2013 Payasos de Hospital, Arte en la U, la Caravana Cultural por la Hospitalidad y Universitarios en Frontera.<\/p>\n<p><strong>Arte y Cultura:<\/strong>\u00a0Es un departamento adscrito al Decanato del Medio Universitario, est\u00e1 dedicado a la gesti\u00f3n cultural de proyectos, actividades e iniciativas que promueven procesos de desarrollo social a trav\u00e9s del arte en la comunidad universitaria de la UCAT, el T\u00e1chira y con especial \u00e9nfasis en la Frontera.<\/p>\n<p><strong>Gestiona los siguientes programas:<\/strong><\/p>\n<p>&#8211; Caravana Cultural por la Hospitalidad en la Frontera.<\/p>\n<p>&#8211; Talleres de Arte y Acompa\u00f1amiento en la Frontera, en alianza con la\u00a0RAIF.<\/p>\n<p>&#8211; Cinema en la U.<\/p>\n<p>&#8211; Arte en la U.<\/p>\n<p>\u00a0<\/p>\n<p>&#8211;\u00a0<strong>Programa de Payasos de Hospital Doctor Yaso:<\/strong>\u00a0Es una Asociaci\u00f3n Civil que en convenio con la Universidad, humaniza y sensibiliza el entorno hospitalario a trav\u00e9s de actividades l\u00fadicas basadas en la t\u00e9cnica del payaso.<\/p>\n<p style=\"text-align: justify\">&#8211;\u00a0<strong>Intercambio Estudiantiles:<\/strong>\u00a0A trav\u00e9s de la red de la asociaci\u00f3n de Universidades de Am\u00e9rica Latina Confiadas a la Compa\u00f1\u00eda de Jes\u00fas (AUSJAL), la cual la UCAT forma parte, tienes la posibilidad de optar por intercambios estudiantiles con las universidades as\u00ed como con la red The Association Of Jesuit Colleges and Universities (AJCU) en los Estados Unidos.<\/p>\n<p style=\"text-align: justify\">&#8211;\u00a0<strong>Liderazgo Universitario:<\/strong>\u00a0Programa que te ayudara en la formaci\u00f3n personal, basado en tres l\u00edneas de acci\u00f3n que son: liderazgo, espiritualidad ignaciana y formaci\u00f3n socio-pol\u00edtica, todo ello dentro de un marco de aplicaci\u00f3n latinoamericano, apoyado por la red AUSJAL.<\/p>\n<p style=\"text-align: justify\">&#8211; <strong>Universitarios en Frontera:<\/strong>\u00a0Te permite ayudar a las comunidades tanto urbanas como fronterizas en la b\u00fasqueda de herramientas que mejoren las relaciones entre los miembros de la comunidad a trav\u00e9s de procesos formativos, encaminando la soluci\u00f3n a sus problemas.<\/p>\n<p style=\"text-align: center\"><img loading=\"lazy\" class=\"aligncenter wp-image-13266 size-full\" src=\"https:\/\/www.ucat.edu.ve\/web\/wp-content\/uploads\/2024\/09\/Cintillo-Logos_Programas-UCAT-2024.jpg\" alt=\"\" width=\"1200\" height=\"193\" srcset=\"https:\/\/www.ucat.edu.ve\/web\/wp-content\/uploads\/2024\/09\/Cintillo-Logos_Programas-UCAT-2024.jpg 1200w, https:\/\/www.ucat.edu.ve\/web\/wp-content\/uploads\/2024\/09\/Cintillo-Logos_Programas-UCAT-2024-521x84.jpg 521w\" sizes=\"(max-width: 1200px) 100vw, 1200px\" \/><\/p>\n<div class=\"su-heading su-heading-style-default su-heading-align-center\" id=\"\" style=\"font-size:18px;margin-bottom:20px\"><div class=\"su-heading-inner\"><strong>\u00a0 PROYECTOS E INICIATIVAS ESTUDIANTILES\u00a0\u00a0<\/strong><\/div><\/div>\n<p>Desde el Decanato del Medio Universitario se promueven y coordinan los proyectos e iniciativas que surgen desde los estudiantes, como parte de su formaci\u00f3n integral; entre otros: Club de Debates, Modelo de Naciones Unidas (UCATMUN), Grupo de Excursionismo (GEUCAT), Grupo de Rugby (Vikingos), Grupo de Cheerleaders (Valkirias) y Pastoral Universitaria Ucatense.<\/p>\n<p style=\"text-align: center\"><img loading=\"lazy\" class=\"aligncenter wp-image-10946\" src=\"https:\/\/www.ucat.edu.ve\/web\/wp-content\/uploads\/2023\/04\/deportes-322x322.png\" alt=\"\" width=\"90\" height=\"90\" srcset=\"https:\/\/www.ucat.edu.ve\/web\/wp-content\/uploads\/2023\/04\/deportes-322x322.png 322w, https:\/\/www.ucat.edu.ve\/web\/wp-content\/uploads\/2023\/04\/deportes.png 512w\" sizes=\"(max-width: 90px) 100vw, 90px\" \/><\/p>\n<p style=\"text-align: justify\">&#8211;\u00a0<a href=\"https:\/\/www.instagram.com\/geucat\/\"><strong>Excursionismo GEUCAT:<\/strong><\/a>\u00a0Es una agrupaci\u00f3n estudiantil, adscrita al decanato del medio universitario de la Universidad Cat\u00f3lica del T\u00e1chira y especializada en la pr\u00e1ctica del monta\u00f1ismo, excursionismo, treking, escalada, rapel y otros deportes extremos. se estableci\u00f3 formalmente en 1997 y es la organizaci\u00f3n extra c\u00e1tedra m\u00e1s antigua y reconocida de la UCAT.<\/p>\n<p style=\"text-align: justify\">&#8211;<a href=\"https:\/\/www.instagram.com\/ucatdebate\/\"><strong> El Club de Debates Mr. Dr. Carlos S\u00e1nchez Espejo:<\/strong><\/a>\u00a0Es un programa universitario orientado a la promoci\u00f3n de la cultura del dialogo, la investigaci\u00f3n y el encuentro como medios para la formaci\u00f3n de j\u00f3venes pensantes, cr\u00edticos y propositivos en nuestro \u00e1mbito universitario.\u00a0Estamos dirigidos a toda la comunidad estudiantil de la UCAT, en especial a aquellos que quieran adquirir habilidades en oratoria, dicci\u00f3n e investigaci\u00f3n , est\u00e9n interesados en indagar y conversar sobre los m\u00e1s diversos e interesantes temas y participar en foros, tertulias y conversatorios.<\/p>\n<p style=\"text-align: justify\">&#8211; <strong><a href=\"https:\/\/www.instagram.com\/ucatmun\/\">UCATMUN:<\/a>\u00a0<\/strong>Es un simulacro o representaci\u00f3n del Sistema de Naciones Unidas en el que participan alumnos de escuelas secundarias o universidades.\u00a0Estos j\u00f3venes representan a los delegados de diferentes pa\u00edses e intervienen en debates y negociaciones, en los que tratan temas que corresponden a los programas de trabajo de los diferentes \u00f3rganos y comisiones de las Naciones Unidas.<\/p>\n<p style=\"text-align: justify\">&#8211; <strong><a href=\"https:\/\/www.instagram.com\/vikingosrugbyclub\/\">El Club Vikingos Rugby<\/a>: <\/strong> Es el equipo ucatense que desarrolla la disciplina deportiva \u201cRugby\u201d. Es una iniciativa estudiantil que fue fundada en el a\u00f1o 2010 por integrantes de la Universidad Cat\u00f3lica del T\u00e1chira con \u00e1nimos de crear un equipo que representara a la Universidad en torneos a nivel estatal y nacional. Su gran labor a trav\u00e9s de los a\u00f1os les ha brindado un espacio a todos los estudiantes interesados en hacer vida deportiva en la universidad y recrearse sanamente en un deporte creador de valores y lleno de ense\u00f1anzas.<\/p>\n<p style=\"text-align: justify\">\u00a0<\/p>\n<p style=\"text-align: center\"><img loading=\"lazy\" class=\"aligncenter wp-image-13269 size-full\" src=\"https:\/\/www.ucat.edu.ve\/web\/wp-content\/uploads\/2024\/09\/Cintillo-Logos_Proyectos-Estudiantiles-2024.jpg\" alt=\"\" width=\"1200\" height=\"193\" srcset=\"https:\/\/www.ucat.edu.ve\/web\/wp-content\/uploads\/2024\/09\/Cintillo-Logos_Proyectos-Estudiantiles-2024.jpg 1200w, https:\/\/www.ucat.edu.ve\/web\/wp-content\/uploads\/2024\/09\/Cintillo-Logos_Proyectos-Estudiantiles-2024-521x84.jpg 521w\" sizes=\"(max-width: 1200px) 100vw, 1200px\" \/><\/p>\n\n\n<div class=\"wp-container-4 wp-block-group\"><div class=\"wp-block-group__inner-container\">\n<div class=\"wp-container-3 wp-block-columns\">\n<div class=\"wp-container-2 wp-block-column\" style=\"flex-basis:100%\">\n<div class=\"wp-container-1 wp-block-group\"><div class=\"wp-block-group__inner-container\"><\/div><\/div>\n<\/div>\n<\/div>\n<\/div><\/div>\n\n\n\n<p><\/p>\n\n\n\n<p><\/p>\n\n\n\n<h3>&nbsp;<\/h3>\n","protected":false},"excerpt":{"rendered":"<p>\u00a0 Para el futuro estudiante, el proceso de elecci\u00f3n de una carrera universitaria implica la consideraci\u00f3n de aspectos tendentes a descubrir sus intereses, gustos y aptitudes; as\u00ed como tambi\u00e9n conocer las posibles alternativas relacionadas a las propuestas acad\u00e9micas disponibles. Un test de orientaci\u00f3n vocacional puede ser una herramienta \u00fatil, aunque no definitiva, para contar con<\/p>\n","protected":false},"author":23,"featured_media":0,"parent":0,"menu_order":0,"comment_status":"closed","ping_status":"closed","template":"fullwidth.php","meta":[],"yoast_head":"<!-- This site is optimized with the Yoast SEO plugin v19.2 - https:\/\/yoast.com\/wordpress\/plugins\/seo\/ -->\n<title>Admisiones - Universidad Cat\u00f3lica del T\u00e1chira<\/title>\n<meta name=\"robots\" content=\"index, follow, max-snippet:-1, max-image-preview:large, max-video-preview:-1\" \/>\n<link rel=\"canonical\" href=\"https:\/\/www.ucat.edu.ve\/web\/admisiones-nueva\/\" \/>\n<meta property=\"og:locale\" content=\"es_ES\" \/>\n<meta property=\"og:type\" content=\"article\" \/>\n<meta property=\"og:title\" content=\"Admisiones - Universidad Cat\u00f3lica del T\u00e1chira\" \/>\n<meta property=\"og:description\" content=\"\u00a0 Para el futuro estudiante, el proceso de elecci\u00f3n de una carrera universitaria implica la consideraci\u00f3n de aspectos tendentes a descubrir sus intereses, gustos y aptitudes; as\u00ed como tambi\u00e9n conocer las posibles alternativas relacionadas a las propuestas acad\u00e9micas disponibles. Un test de orientaci\u00f3n vocacional puede ser una herramienta \u00fatil, aunque no definitiva, para contar con\" \/>\n<meta property=\"og:url\" content=\"https:\/\/www.ucat.edu.ve\/web\/admisiones-nueva\/\" \/>\n<meta property=\"og:site_name\" content=\"Universidad Cat\u00f3lica del T\u00e1chira\" \/>\n<meta property=\"article:publisher\" content=\"https:\/\/www.facebook.com\/notiucat\/\" \/>\n<meta property=\"article:modified_time\" content=\"2025-11-19T14:25:52+00:00\" \/>\n<meta property=\"og:image\" content=\"https:\/\/www.ucat.edu.ve\/web\/wp-content\/uploads\/2023\/04\/documentosucat.png\" \/>\n<meta name=\"author\" content=\"Secretaria General\" \/>\n<meta name=\"twitter:card\" content=\"summary_large_image\" \/>\n<meta name=\"twitter:site\" content=\"@notiucat\" \/>\n<meta name=\"twitter:label1\" content=\"Est. reading time\" \/>\n\t<meta name=\"twitter:data1\" content=\"24 minutos\" \/>\n<script type=\"application\/ld+json\" class=\"yoast-schema-graph\">{\"@context\":\"https:\/\/schema.org\",\"@graph\":[{\"@type\":\"Organization\",\"@id\":\"https:\/\/www.ucat.edu.ve\/web\/#organization\",\"name\":\"Universidad Cat\u00f3lica Del T\u00e1chira UCAT\",\"url\":\"https:\/\/www.ucat.edu.ve\/web\/\",\"sameAs\":[\"https:\/\/www.instagram.com\/notiucat\/\",\"https:\/\/www.youtube.com\/channel\/UCwEbYSB1R9fzlII-8dcxuYA?view_as=subscriber\",\"https:\/\/www.facebook.com\/notiucat\/\",\"https:\/\/twitter.com\/notiucat\"],\"logo\":{\"@type\":\"ImageObject\",\"inLanguage\":\"es-ES\",\"@id\":\"https:\/\/www.ucat.edu.ve\/web\/#\/schema\/logo\/image\/\",\"url\":\"https:\/\/www.ucat.edu.ve\/web\/wp-content\/uploads\/2015\/07\/logoucat.gif\",\"contentUrl\":\"https:\/\/www.ucat.edu.ve\/web\/wp-content\/uploads\/2015\/07\/logoucat.gif\",\"width\":219,\"height\":155,\"caption\":\"Universidad Cat\u00f3lica Del T\u00e1chira UCAT\"},\"image\":{\"@id\":\"https:\/\/www.ucat.edu.ve\/web\/#\/schema\/logo\/image\/\"}},{\"@type\":\"WebSite\",\"@id\":\"https:\/\/www.ucat.edu.ve\/web\/#website\",\"url\":\"https:\/\/www.ucat.edu.ve\/web\/\",\"name\":\"Universidad Cat\u00f3lica del T\u00e1chira\",\"description\":\"\",\"publisher\":{\"@id\":\"https:\/\/www.ucat.edu.ve\/web\/#organization\"},\"potentialAction\":[{\"@type\":\"SearchAction\",\"target\":{\"@type\":\"EntryPoint\",\"urlTemplate\":\"https:\/\/www.ucat.edu.ve\/web\/?s={search_term_string}\"},\"query-input\":\"required name=search_term_string\"}],\"inLanguage\":\"es-ES\"},{\"@type\":\"ImageObject\",\"inLanguage\":\"es-ES\",\"@id\":\"https:\/\/www.ucat.edu.ve\/web\/admisiones-nueva\/#primaryimage\",\"url\":\"https:\/\/www.ucat.edu.ve\/web\/wp-content\/uploads\/2023\/04\/documentosucat.png\",\"contentUrl\":\"https:\/\/www.ucat.edu.ve\/web\/wp-content\/uploads\/2023\/04\/documentosucat.png\",\"width\":322,\"height\":322},{\"@type\":\"WebPage\",\"@id\":\"https:\/\/www.ucat.edu.ve\/web\/admisiones-nueva\/#webpage\",\"url\":\"https:\/\/www.ucat.edu.ve\/web\/admisiones-nueva\/\",\"name\":\"Admisiones - Universidad Cat\u00f3lica del T\u00e1chira\",\"isPartOf\":{\"@id\":\"https:\/\/www.ucat.edu.ve\/web\/#website\"},\"primaryImageOfPage\":{\"@id\":\"https:\/\/www.ucat.edu.ve\/web\/admisiones-nueva\/#primaryimage\"},\"datePublished\":\"2017-06-27T16:47:50+00:00\",\"dateModified\":\"2025-11-19T14:25:52+00:00\",\"breadcrumb\":{\"@id\":\"https:\/\/www.ucat.edu.ve\/web\/admisiones-nueva\/#breadcrumb\"},\"inLanguage\":\"es-ES\",\"potentialAction\":[{\"@type\":\"ReadAction\",\"target\":[\"https:\/\/www.ucat.edu.ve\/web\/admisiones-nueva\/\"]}]},{\"@type\":\"BreadcrumbList\",\"@id\":\"https:\/\/www.ucat.edu.ve\/web\/admisiones-nueva\/#breadcrumb\",\"itemListElement\":[{\"@type\":\"ListItem\",\"position\":1,\"name\":\"Home\",\"item\":\"https:\/\/www.ucat.edu.ve\/web\/\"},{\"@type\":\"ListItem\",\"position\":2,\"name\":\"Admisiones\"}]}]}<\/script>\n<!-- \/ Yoast SEO plugin. -->","yoast_head_json":{"title":"Admisiones - Universidad Cat\u00f3lica del T\u00e1chira","robots":{"index":"index","follow":"follow","max-snippet":"max-snippet:-1","max-image-preview":"max-image-preview:large","max-video-preview":"max-video-preview:-1"},"canonical":"https:\/\/www.ucat.edu.ve\/web\/admisiones-nueva\/","og_locale":"es_ES","og_type":"article","og_title":"Admisiones - Universidad Cat\u00f3lica del T\u00e1chira","og_description":"\u00a0 Para el futuro estudiante, el proceso de elecci\u00f3n de una carrera universitaria implica la consideraci\u00f3n de aspectos tendentes a descubrir sus intereses, gustos y aptitudes; as\u00ed como tambi\u00e9n conocer las posibles alternativas relacionadas a las propuestas acad\u00e9micas disponibles. Un test de orientaci\u00f3n vocacional puede ser una herramienta \u00fatil, aunque no definitiva, para contar con","og_url":"https:\/\/www.ucat.edu.ve\/web\/admisiones-nueva\/","og_site_name":"Universidad Cat\u00f3lica del T\u00e1chira","article_publisher":"https:\/\/www.facebook.com\/notiucat\/","article_modified_time":"2025-11-19T14:25:52+00:00","og_image":[{"url":"https:\/\/www.ucat.edu.ve\/web\/wp-content\/uploads\/2023\/04\/documentosucat.png"}],"author":"Secretaria General","twitter_card":"summary_large_image","twitter_site":"@notiucat","twitter_misc":{"Est. reading time":"24 minutos"},"schema":{"@context":"https:\/\/schema.org","@graph":[{"@type":"Organization","@id":"https:\/\/www.ucat.edu.ve\/web\/#organization","name":"Universidad Cat\u00f3lica Del T\u00e1chira UCAT","url":"https:\/\/www.ucat.edu.ve\/web\/","sameAs":["https:\/\/www.instagram.com\/notiucat\/","https:\/\/www.youtube.com\/channel\/UCwEbYSB1R9fzlII-8dcxuYA?view_as=subscriber","https:\/\/www.facebook.com\/notiucat\/","https:\/\/twitter.com\/notiucat"],"logo":{"@type":"ImageObject","inLanguage":"es-ES","@id":"https:\/\/www.ucat.edu.ve\/web\/#\/schema\/logo\/image\/","url":"https:\/\/www.ucat.edu.ve\/web\/wp-content\/uploads\/2015\/07\/logoucat.gif","contentUrl":"https:\/\/www.ucat.edu.ve\/web\/wp-content\/uploads\/2015\/07\/logoucat.gif","width":219,"height":155,"caption":"Universidad Cat\u00f3lica Del T\u00e1chira UCAT"},"image":{"@id":"https:\/\/www.ucat.edu.ve\/web\/#\/schema\/logo\/image\/"}},{"@type":"WebSite","@id":"https:\/\/www.ucat.edu.ve\/web\/#website","url":"https:\/\/www.ucat.edu.ve\/web\/","name":"Universidad Cat\u00f3lica del T\u00e1chira","description":"","publisher":{"@id":"https:\/\/www.ucat.edu.ve\/web\/#organization"},"potentialAction":[{"@type":"SearchAction","target":{"@type":"EntryPoint","urlTemplate":"https:\/\/www.ucat.edu.ve\/web\/?s={search_term_string}"},"query-input":"required name=search_term_string"}],"inLanguage":"es-ES"},{"@type":"ImageObject","inLanguage":"es-ES","@id":"https:\/\/www.ucat.edu.ve\/web\/admisiones-nueva\/#primaryimage","url":"https:\/\/www.ucat.edu.ve\/web\/wp-content\/uploads\/2023\/04\/documentosucat.png","contentUrl":"https:\/\/www.ucat.edu.ve\/web\/wp-content\/uploads\/2023\/04\/documentosucat.png","width":322,"height":322},{"@type":"WebPage","@id":"https:\/\/www.ucat.edu.ve\/web\/admisiones-nueva\/#webpage","url":"https:\/\/www.ucat.edu.ve\/web\/admisiones-nueva\/","name":"Admisiones - Universidad Cat\u00f3lica del T\u00e1chira","isPartOf":{"@id":"https:\/\/www.ucat.edu.ve\/web\/#website"},"primaryImageOfPage":{"@id":"https:\/\/www.ucat.edu.ve\/web\/admisiones-nueva\/#primaryimage"},"datePublished":"2017-06-27T16:47:50+00:00","dateModified":"2025-11-19T14:25:52+00:00","breadcrumb":{"@id":"https:\/\/www.ucat.edu.ve\/web\/admisiones-nueva\/#breadcrumb"},"inLanguage":"es-ES","potentialAction":[{"@type":"ReadAction","target":["https:\/\/www.ucat.edu.ve\/web\/admisiones-nueva\/"]}]},{"@type":"BreadcrumbList","@id":"https:\/\/www.ucat.edu.ve\/web\/admisiones-nueva\/#breadcrumb","itemListElement":[{"@type":"ListItem","position":1,"name":"Home","item":"https:\/\/www.ucat.edu.ve\/web\/"},{"@type":"ListItem","position":2,"name":"Admisiones"}]}]}},"_links":{"self":[{"href":"https:\/\/www.ucat.edu.ve\/web\/wp-json\/wp\/v2\/pages\/1946"}],"collection":[{"href":"https:\/\/www.ucat.edu.ve\/web\/wp-json\/wp\/v2\/pages"}],"about":[{"href":"https:\/\/www.ucat.edu.ve\/web\/wp-json\/wp\/v2\/types\/page"}],"author":[{"embeddable":true,"href":"https:\/\/www.ucat.edu.ve\/web\/wp-json\/wp\/v2\/users\/23"}],"replies":[{"embeddable":true,"href":"https:\/\/www.ucat.edu.ve\/web\/wp-json\/wp\/v2\/comments?post=1946"}],"version-history":[{"count":59,"href":"https:\/\/www.ucat.edu.ve\/web\/wp-json\/wp\/v2\/pages\/1946\/revisions"}],"predecessor-version":[{"id":15480,"href":"https:\/\/www.ucat.edu.ve\/web\/wp-json\/wp\/v2\/pages\/1946\/revisions\/15480"}],"wp:attachment":[{"href":"https:\/\/www.ucat.edu.ve\/web\/wp-json\/wp\/v2\/media?parent=1946"}],"curies":[{"name":"wp","href":"https:\/\/api.w.org\/{rel}","templated":true}]}}