 {"id":4389,"date":"2018-11-27T12:47:49","date_gmt":"2018-11-27T12:47:49","guid":{"rendered":"http:\/\/www.ucat.edu.ve\/web\/?post_type=tribe_events&#038;p=4389"},"modified":"2018-11-27T12:47:50","modified_gmt":"2018-11-27T12:47:50","slug":"taller-herramientas-para-manejar-el-estres-con-creatividad","status":"publish","type":"tribe_events","link":"https:\/\/www.ucat.edu.ve\/web\/evento\/taller-herramientas-para-manejar-el-estres-con-creatividad\/","title":{"rendered":"Taller herramientas para manejar el estr\u00e9s con creatividad."},"content":{"rendered":"<p>El Decanato del Medio Universitario, a trav\u00e9s de la Coordinaci\u00f3n de Arte y Cultura, realiza la\u00a0<strong><em>\u00faltima convocatoria<\/em><\/strong>\u00a0para participar en el taller \u201cHerramientas para manejar el estr\u00e9s con creatividad\u201d.<\/p>\n<p>El pasado 26 de octubre se realiz\u00f3 la primera sesi\u00f3n de este a\u00f1o acad\u00e9mico con una participaci\u00f3n de 6 personas. El pasado 20 de noviembre se suspendi\u00f3 la segunda sesi\u00f3n debido a la baja participaci\u00f3n.<\/p>\n<p><strong><em>Con mucho \u00e1nimo retomamos esta convocatoria para participar en la \u00faltima jornada del 2018.<\/em><\/strong><\/p>\n<p>La invitaci\u00f3n est\u00e1 dirigida a todo el personal de la Universidad Cat\u00f3lica del T\u00e1chira (autoridades, directivos, profesores, personal administrativo, empleado, obrero) y tambi\u00e9n a los beca cooperaci\u00f3n.<\/p>\n<p><strong>FECHAS Y HORARIO:\u00a0<\/strong>jueves 06 de diciembre 2018, de 11 a 11:45am, en los salones de Arte y Cultura de la sede Loma del Tejar.<\/p>\n<p>I<strong>NSCRIPCI\u00d3N:\u00a0<\/strong>la persona interesada en participar debe, primeramente, comunicarse con su jefe inmediato para solicitar la autorizaci\u00f3n respectiva.<\/p>\n<p>Una vez confirmada la autorizaci\u00f3n, el interesado debe escribir un correo a la direcci\u00f3n\u00a0<a href=\"mailto:arteucat@gmail.com\">arteucat@gmail.com<\/a>\u00a0manifestando su deseo de participar en el Taller\u00a0<strong>\u201cHerramientas para manejar el estr\u00e9s con creatividad\u201d<\/strong><\/p>\n","protected":false},"excerpt":{"rendered":"<p>El Decanato del Medio Universitario, a trav\u00e9s de la Coordinaci\u00f3n de Arte y Cultura, realiza la\u00a0\u00faltima convocatoria\u00a0para participar en el taller \u201cHerramientas para manejar el estr\u00e9s con creatividad\u201d. El pasado 26 de octubre se realiz\u00f3 la primera sesi\u00f3n de este a\u00f1o acad\u00e9mico con una participaci\u00f3n de 6 personas. El pasado 20 de noviembre se suspendi\u00f3<\/p>\n","protected":false},"author":26,"featured_media":4387,"comment_status":"closed","ping_status":"closed","template":"","meta":[],"tags":[],"tribe_events_cat":[],"yoast_head":"<!-- This site is optimized with the Yoast SEO plugin v19.2 - https:\/\/yoast.com\/wordpress\/plugins\/seo\/ -->\n<title>Taller herramientas para manejar el estr\u00e9s con creatividad. - Universidad Cat\u00f3lica del T\u00e1chira<\/title>\n<meta name=\"robots\" content=\"index, follow, max-snippet:-1, max-image-preview:large, max-video-preview:-1\" \/>\n<link rel=\"canonical\" href=\"https:\/\/www.ucat.edu.ve\/web\/evento\/taller-herramientas-para-manejar-el-estres-con-creatividad\/\" \/>\n<meta property=\"og:locale\" content=\"es_ES\" \/>\n<meta property=\"og:type\" content=\"article\" \/>\n<meta property=\"og:title\" content=\"Taller herramientas para manejar el estr\u00e9s con creatividad. - Universidad Cat\u00f3lica del T\u00e1chira\" \/>\n<meta property=\"og:description\" content=\"El Decanato del Medio Universitario, a trav\u00e9s de la Coordinaci\u00f3n de Arte y Cultura, realiza la\u00a0\u00faltima convocatoria\u00a0para participar en el taller \u201cHerramientas para manejar el estr\u00e9s con creatividad\u201d. El pasado 26 de octubre se realiz\u00f3 la primera sesi\u00f3n de este a\u00f1o acad\u00e9mico con una participaci\u00f3n de 6 personas. El pasado 20 de noviembre se suspendi\u00f3\" \/>\n<meta property=\"og:url\" content=\"https:\/\/www.ucat.edu.ve\/web\/evento\/taller-herramientas-para-manejar-el-estres-con-creatividad\/\" \/>\n<meta property=\"og:site_name\" content=\"Universidad Cat\u00f3lica del T\u00e1chira\" \/>\n<meta property=\"article:publisher\" content=\"https:\/\/www.facebook.com\/notiucat\/\" \/>\n<meta property=\"article:modified_time\" content=\"2018-11-27T12:47:50+00:00\" \/>\n<meta property=\"og:image\" content=\"https:\/\/www.ucat.edu.ve\/web\/wp-content\/uploads\/2018\/11\/NDP-\u00faltima-convocatoria-Taller-Antiestr\u00e9s.jpg\" \/>\n\t<meta property=\"og:image:width\" content=\"1759\" \/>\n\t<meta property=\"og:image:height\" content=\"1087\" \/>\n\t<meta property=\"og:image:type\" content=\"image\/jpeg\" \/>\n<meta name=\"author\" content=\"Noticias UCAT\" \/>\n<meta name=\"twitter:card\" content=\"summary_large_image\" \/>\n<meta name=\"twitter:site\" content=\"@notiucat\" \/>\n<meta name=\"twitter:label1\" content=\"Est. reading time\" \/>\n\t<meta name=\"twitter:data1\" content=\"1 minuto\" \/>\n<script type=\"application\/ld+json\" class=\"yoast-schema-graph\">{\"@context\":\"https:\/\/schema.org\",\"@graph\":[{\"@type\":\"Organization\",\"@id\":\"https:\/\/www.ucat.edu.ve\/web\/#organization\",\"name\":\"Universidad Cat\u00f3lica Del T\u00e1chira UCAT\",\"url\":\"https:\/\/www.ucat.edu.ve\/web\/\",\"sameAs\":[\"https:\/\/www.instagram.com\/notiucat\/\",\"https:\/\/www.youtube.com\/channel\/UCwEbYSB1R9fzlII-8dcxuYA?view_as=subscriber\",\"https:\/\/www.facebook.com\/notiucat\/\",\"https:\/\/twitter.com\/notiucat\"],\"logo\":{\"@type\":\"ImageObject\",\"inLanguage\":\"es-ES\",\"@id\":\"https:\/\/www.ucat.edu.ve\/web\/#\/schema\/logo\/image\/\",\"url\":\"https:\/\/www.ucat.edu.ve\/web\/wp-content\/uploads\/2015\/07\/logoucat.gif\",\"contentUrl\":\"https:\/\/www.ucat.edu.ve\/web\/wp-content\/uploads\/2015\/07\/logoucat.gif\",\"width\":219,\"height\":155,\"caption\":\"Universidad Cat\u00f3lica Del T\u00e1chira UCAT\"},\"image\":{\"@id\":\"https:\/\/www.ucat.edu.ve\/web\/#\/schema\/logo\/image\/\"}},{\"@type\":\"WebSite\",\"@id\":\"https:\/\/www.ucat.edu.ve\/web\/#website\",\"url\":\"https:\/\/www.ucat.edu.ve\/web\/\",\"name\":\"Universidad Cat\u00f3lica del T\u00e1chira\",\"description\":\"\",\"publisher\":{\"@id\":\"https:\/\/www.ucat.edu.ve\/web\/#organization\"},\"potentialAction\":[{\"@type\":\"SearchAction\",\"target\":{\"@type\":\"EntryPoint\",\"urlTemplate\":\"https:\/\/www.ucat.edu.ve\/web\/?s={search_term_string}\"},\"query-input\":\"required name=search_term_string\"}],\"inLanguage\":\"es-ES\"},{\"@type\":\"ImageObject\",\"inLanguage\":\"es-ES\",\"@id\":\"https:\/\/www.ucat.edu.ve\/web\/evento\/taller-herramientas-para-manejar-el-estres-con-creatividad\/#primaryimage\",\"url\":\"https:\/\/www.ucat.edu.ve\/web\/wp-content\/uploads\/2018\/11\/NDP-\u00faltima-convocatoria-Taller-Antiestr\u00e9s.jpg\",\"contentUrl\":\"https:\/\/www.ucat.edu.ve\/web\/wp-content\/uploads\/2018\/11\/NDP-\u00faltima-convocatoria-Taller-Antiestr\u00e9s.jpg\",\"width\":1759,\"height\":1087},{\"@type\":\"WebPage\",\"@id\":\"https:\/\/www.ucat.edu.ve\/web\/evento\/taller-herramientas-para-manejar-el-estres-con-creatividad\/#webpage\",\"url\":\"https:\/\/www.ucat.edu.ve\/web\/evento\/taller-herramientas-para-manejar-el-estres-con-creatividad\/\",\"name\":\"Taller herramientas para manejar el estr\u00e9s con creatividad. - Universidad Cat\u00f3lica del T\u00e1chira\",\"isPartOf\":{\"@id\":\"https:\/\/www.ucat.edu.ve\/web\/#website\"},\"primaryImageOfPage\":{\"@id\":\"https:\/\/www.ucat.edu.ve\/web\/evento\/taller-herramientas-para-manejar-el-estres-con-creatividad\/#primaryimage\"},\"datePublished\":\"2018-11-27T12:47:49+00:00\",\"dateModified\":\"2018-11-27T12:47:50+00:00\",\"breadcrumb\":{\"@id\":\"https:\/\/www.ucat.edu.ve\/web\/evento\/taller-herramientas-para-manejar-el-estres-con-creatividad\/#breadcrumb\"},\"inLanguage\":\"es-ES\",\"potentialAction\":[{\"@type\":\"ReadAction\",\"target\":[\"https:\/\/www.ucat.edu.ve\/web\/evento\/taller-herramientas-para-manejar-el-estres-con-creatividad\/\"]}]},{\"@type\":\"BreadcrumbList\",\"@id\":\"https:\/\/www.ucat.edu.ve\/web\/evento\/taller-herramientas-para-manejar-el-estres-con-creatividad\/#breadcrumb\",\"itemListElement\":[{\"@type\":\"ListItem\",\"position\":1,\"name\":\"Home\",\"item\":\"https:\/\/www.ucat.edu.ve\/web\/\"},{\"@type\":\"ListItem\",\"position\":2,\"name\":\"Eventos\",\"item\":\"https:\/\/www.ucat.edu.ve\/web\/eventos\/\"},{\"@type\":\"ListItem\",\"position\":3,\"name\":\"Taller herramientas para manejar el estr\u00e9s con creatividad.\"}]}]}<\/script>\n<!-- \/ Yoast SEO plugin. -->","yoast_head_json":{"title":"Taller herramientas para manejar el estr\u00e9s con creatividad. - Universidad Cat\u00f3lica del T\u00e1chira","robots":{"index":"index","follow":"follow","max-snippet":"max-snippet:-1","max-image-preview":"max-image-preview:large","max-video-preview":"max-video-preview:-1"},"canonical":"https:\/\/www.ucat.edu.ve\/web\/evento\/taller-herramientas-para-manejar-el-estres-con-creatividad\/","og_locale":"es_ES","og_type":"article","og_title":"Taller herramientas para manejar el estr\u00e9s con creatividad. - Universidad Cat\u00f3lica del T\u00e1chira","og_description":"El Decanato del Medio Universitario, a trav\u00e9s de la Coordinaci\u00f3n de Arte y Cultura, realiza la\u00a0\u00faltima convocatoria\u00a0para participar en el taller \u201cHerramientas para manejar el estr\u00e9s con creatividad\u201d. El pasado 26 de octubre se realiz\u00f3 la primera sesi\u00f3n de este a\u00f1o acad\u00e9mico con una participaci\u00f3n de 6 personas. El pasado 20 de noviembre se suspendi\u00f3","og_url":"https:\/\/www.ucat.edu.ve\/web\/evento\/taller-herramientas-para-manejar-el-estres-con-creatividad\/","og_site_name":"Universidad Cat\u00f3lica del T\u00e1chira","article_publisher":"https:\/\/www.facebook.com\/notiucat\/","article_modified_time":"2018-11-27T12:47:50+00:00","og_image":[{"width":1759,"height":1087,"url":"https:\/\/www.ucat.edu.ve\/web\/wp-content\/uploads\/2018\/11\/NDP-\u00faltima-convocatoria-Taller-Antiestr\u00e9s.jpg","type":"image\/jpeg"}],"author":"Noticias UCAT","twitter_card":"summary_large_image","twitter_site":"@notiucat","twitter_misc":{"Est. reading time":"1 minuto"},"schema":{"@context":"https:\/\/schema.org","@graph":[{"@type":"Organization","@id":"https:\/\/www.ucat.edu.ve\/web\/#organization","name":"Universidad Cat\u00f3lica Del T\u00e1chira UCAT","url":"https:\/\/www.ucat.edu.ve\/web\/","sameAs":["https:\/\/www.instagram.com\/notiucat\/","https:\/\/www.youtube.com\/channel\/UCwEbYSB1R9fzlII-8dcxuYA?view_as=subscriber","https:\/\/www.facebook.com\/notiucat\/","https:\/\/twitter.com\/notiucat"],"logo":{"@type":"ImageObject","inLanguage":"es-ES","@id":"https:\/\/www.ucat.edu.ve\/web\/#\/schema\/logo\/image\/","url":"https:\/\/www.ucat.edu.ve\/web\/wp-content\/uploads\/2015\/07\/logoucat.gif","contentUrl":"https:\/\/www.ucat.edu.ve\/web\/wp-content\/uploads\/2015\/07\/logoucat.gif","width":219,"height":155,"caption":"Universidad Cat\u00f3lica Del T\u00e1chira UCAT"},"image":{"@id":"https:\/\/www.ucat.edu.ve\/web\/#\/schema\/logo\/image\/"}},{"@type":"WebSite","@id":"https:\/\/www.ucat.edu.ve\/web\/#website","url":"https:\/\/www.ucat.edu.ve\/web\/","name":"Universidad Cat\u00f3lica del T\u00e1chira","description":"","publisher":{"@id":"https:\/\/www.ucat.edu.ve\/web\/#organization"},"potentialAction":[{"@type":"SearchAction","target":{"@type":"EntryPoint","urlTemplate":"https:\/\/www.ucat.edu.ve\/web\/?s={search_term_string}"},"query-input":"required name=search_term_string"}],"inLanguage":"es-ES"},{"@type":"ImageObject","inLanguage":"es-ES","@id":"https:\/\/www.ucat.edu.ve\/web\/evento\/taller-herramientas-para-manejar-el-estres-con-creatividad\/#primaryimage","url":"https:\/\/www.ucat.edu.ve\/web\/wp-content\/uploads\/2018\/11\/NDP-\u00faltima-convocatoria-Taller-Antiestr\u00e9s.jpg","contentUrl":"https:\/\/www.ucat.edu.ve\/web\/wp-content\/uploads\/2018\/11\/NDP-\u00faltima-convocatoria-Taller-Antiestr\u00e9s.jpg","width":1759,"height":1087},{"@type":"WebPage","@id":"https:\/\/www.ucat.edu.ve\/web\/evento\/taller-herramientas-para-manejar-el-estres-con-creatividad\/#webpage","url":"https:\/\/www.ucat.edu.ve\/web\/evento\/taller-herramientas-para-manejar-el-estres-con-creatividad\/","name":"Taller herramientas para manejar el estr\u00e9s con creatividad. - Universidad Cat\u00f3lica del T\u00e1chira","isPartOf":{"@id":"https:\/\/www.ucat.edu.ve\/web\/#website"},"primaryImageOfPage":{"@id":"https:\/\/www.ucat.edu.ve\/web\/evento\/taller-herramientas-para-manejar-el-estres-con-creatividad\/#primaryimage"},"datePublished":"2018-11-27T12:47:49+00:00","dateModified":"2018-11-27T12:47:50+00:00","breadcrumb":{"@id":"https:\/\/www.ucat.edu.ve\/web\/evento\/taller-herramientas-para-manejar-el-estres-con-creatividad\/#breadcrumb"},"inLanguage":"es-ES","potentialAction":[{"@type":"ReadAction","target":["https:\/\/www.ucat.edu.ve\/web\/evento\/taller-herramientas-para-manejar-el-estres-con-creatividad\/"]}]},{"@type":"BreadcrumbList","@id":"https:\/\/www.ucat.edu.ve\/web\/evento\/taller-herramientas-para-manejar-el-estres-con-creatividad\/#breadcrumb","itemListElement":[{"@type":"ListItem","position":1,"name":"Home","item":"https:\/\/www.ucat.edu.ve\/web\/"},{"@type":"ListItem","position":2,"name":"Eventos","item":"https:\/\/www.ucat.edu.ve\/web\/eventos\/"},{"@type":"ListItem","position":3,"name":"Taller herramientas para manejar el estr\u00e9s con creatividad."}]}]}},"_links":{"self":[{"href":"https:\/\/www.ucat.edu.ve\/web\/wp-json\/wp\/v2\/tribe_events\/4389"}],"collection":[{"href":"https:\/\/www.ucat.edu.ve\/web\/wp-json\/wp\/v2\/tribe_events"}],"about":[{"href":"https:\/\/www.ucat.edu.ve\/web\/wp-json\/wp\/v2\/types\/tribe_events"}],"author":[{"embeddable":true,"href":"https:\/\/www.ucat.edu.ve\/web\/wp-json\/wp\/v2\/users\/26"}],"replies":[{"embeddable":true,"href":"https:\/\/www.ucat.edu.ve\/web\/wp-json\/wp\/v2\/comments?post=4389"}],"version-history":[{"count":0,"href":"https:\/\/www.ucat.edu.ve\/web\/wp-json\/wp\/v2\/tribe_events\/4389\/revisions"}],"wp:featuredmedia":[{"embeddable":true,"href":"https:\/\/www.ucat.edu.ve\/web\/wp-json\/wp\/v2\/media\/4387"}],"wp:attachment":[{"href":"https:\/\/www.ucat.edu.ve\/web\/wp-json\/wp\/v2\/media?parent=4389"}],"wp:term":[{"taxonomy":"post_tag","embeddable":true,"href":"https:\/\/www.ucat.edu.ve\/web\/wp-json\/wp\/v2\/tags?post=4389"},{"taxonomy":"tribe_events_cat","embeddable":true,"href":"https:\/\/www.ucat.edu.ve\/web\/wp-json\/wp\/v2\/tribe_events_cat?post=4389"}],"curies":[{"name":"wp","href":"https:\/\/api.w.org\/{rel}","templated":true}]}}